{"id":1116,"date":"2019-11-12T11:10:55","date_gmt":"2019-11-12T10:10:55","guid":{"rendered":"https:\/\/grancanaria.eleusal.com\/?page_id=1116"},"modified":"2023-10-20T12:57:16","modified_gmt":"2023-10-20T10:57:16","slug":"cursos-espanol-en-gran-canaria","status":"publish","type":"page","link":"https:\/\/grancanaria.eleusal.com\/es\/cursos-espanol-en-gran-canaria\/","title":{"rendered":"Cursos"},"content":{"rendered":"<p>[vc_row css_animation=\u00bb\u00bb row_type=\u00bbrow\u00bb use_row_as_full_screen_section=\u00bbno\u00bb type=\u00bbfull_width\u00bb angled_section=\u00bbno\u00bb text_align=\u00bbleft\u00bb background_image_as_pattern=\u00bbwithout_pattern\u00bb][vc_column][vc_column_text]<\/p>\n<h1 class=\"titulo-home\">CURSOS DE ESPA\u00d1OL EN ELE USAL GRAN CANARIA<\/h1>\n<p>[\/vc_column_text][\/vc_column][\/vc_row][vc_row css_animation=\u00bb\u00bb row_type=\u00bbrow\u00bb use_row_as_full_screen_section=\u00bbno\u00bb type=\u00bbfull_width\u00bb angled_section=\u00bbno\u00bb text_align=\u00bbleft\u00bb background_image_as_pattern=\u00bbwithout_pattern\u00bb padding_bottom=\u00bb90&#8243; z_index=\u00bb\u00bb][vc_column][vc_column_text]<\/p>\n<h2 style=\"text-align: center\">Cursos de ELE en Gran Canaria<\/h2>\n<p>[\/vc_column_text][vc_empty_space][vc_empty_space]<div class=\"qode-course-list-holder qode-cl-gallery qode-normal-space qode-cl-four-columns qode-cl-standard qode-cl-pag-no-pagination     \"  data-number-of-columns=\"4\" data-space-between-items=\"normal\" data-number-of-items=\"-1\" data-enable-image=\"yes\" data-image-proportions=\"square\" data-category=\"cursos-populares\" data-selected-courses=\"5556, 5561, 5568, 5566, 5564, 5562, 7135\" data-orderby=\"name\" data-order=\"DESC\" data-item-layout=\"standard\" data-enable-title=\"yes\" data-title-tag=\"h5\" data-enable-instructor=\"yes\" data-enable-price=\"yes\" data-enable-excerpt=\"yes\" data-excerpt-length=\"60\" data-enable-students=\"yes\" data-enable-category=\"yes\" data-pagination-type=\"no-pagination\" data-filter=\"no\" data-enable-article-animation=\"no\" data-course-slider-on=\"no\" data-enable-loop=\"yes\" data-enable-autoplay=\"yes\" data-slider-speed=\"5000\" data-slider-speed-animation=\"600\" data-enable-navigation=\"yes\" data-enable-pagination=\"yes\" data-widget=\"no\" data-max-num-pages=\"0\" data-next-page=\"2\">\n\t\t<div class=\"qode-cl-inner qode-outer-space  clearfix\">\n\t\t<article class=\"qode-cl-item qode-item-space post-5564 course type-course status-publish has-post-thumbnail hentry course-category-cursos-populares course-tag-spanishcourse\"  data-name=preparaci\u00d3n-dele-gran-canaria data-date=>\n\t<div class=\"qode-cl-item-inner\">\n\t\t<div class=\"qode-cli-image\">\n\t\t\t<img loading=\"lazy\" decoding=\"async\" width=\"1200\" height=\"815\" src=\"https:\/\/grancanaria.eleusal.com\/wp-content\/uploads\/sites\/13\/2018\/05\/event-3.jpg\" class=\"attachment-themename_image_size_square size-themename_image_size_square wp-post-image\" alt=\"\" \/>\t<\/div>\n<div class=\"qode-cli-text-holder\">\n\t<div class=\"qode-cli-text-wrapper\">\n\t\t<div class=\"qode-cli-text\">\n\t\t\t<div class=\"qode-cli-top-info\">\n\t\t\t\t<div class=\"qode-ci-price-holder\">\n\t\t\t<span class=\"qode-ci-price-value\">\n          0      <\/span>\n\t<\/div>\n\n\t\t\t\t\t<h5 itemprop=\"name\" class=\"qode-cli-title entry-title\" >\n\t<a itemprop=\"url\" href=\"https:\/\/grancanaria.eleusal.com\/es\/course\/preparacion-dele\/\" target=\"_self\">\n\t\tPREPARACI\u00d3N DELE Gran Canaria\t<\/a>\n\t<\/h5>\n\t\t\t\t\t\t\n\t\t\t\t<a itemprop=\"url\" href=\"https:\/\/grancanaria.eleusal.com\/es\/course\/preparacion-dele\/\" target=\"_self\">\n    <span class=\"qode-instructor-name\">\n       PREPARACI\u00d3N DELE Gran Canaria    <\/span>\n<\/a>\n\t\t\t\n\t\t\t<\/div>\n\t\t\t\t<p itemprop=\"description\" class=\"qode-cli-excerpt\">Curso DELE A2 en Gran Canaria Niveles A2. El DELE es un t\u00edt<\/p>\n\t\t\t<div class=\"qode-cli-bottom-info\">\n\t\t\t\t\t\t<div class=\"qode-cli-category-holder\">\n\t\t\t<span aria-hidden=\"true\" class=\"qode-category-icon\"><\/span>\n\t\t\t\t\t\t\t<a itemprop=\"url\" class=\"qode-cli-category\" href=\"https:\/\/grancanaria.eleusal.com\/es\/course-category\/cursos-populares\/\">Cursos populares<\/a>\n\t\t\t\t\t<\/div>\n\t\t\t\t\t\n\t\t\t\t<div class=\"qode-students-number-holder\">\n\t<span aria-hidden=\"true\" class=\"dripicons-user qode-student-icon\"><\/span>\n\t<span class=\"qode-student-number\">\n        <\/span>\n<\/div>\n\t\t\t<\/div>\n\t\t<\/div>\n\t<\/div>\n<\/div>\t\t<a itemprop=\"url\" class=\"qode-cli-link qode-block-drag-link\" href=\"https:\/\/grancanaria.eleusal.com\/es\/course\/preparacion-dele\/\" target=\"_self\"><\/a>\n\t<\/div>\n<\/article><article class=\"qode-cl-item qode-item-space post-5568 course type-course status-publish has-post-thumbnail hentry course-category-cursos-populares course-tag-spanishcourse\"  data-name=packs-grupos-+-actividades data-date=>\n\t<div class=\"qode-cl-item-inner\">\n\t\t<div class=\"qode-cli-image\">\n\t\t\t<img loading=\"lazy\" decoding=\"async\" width=\"1200\" height=\"815\" src=\"https:\/\/grancanaria.eleusal.com\/wp-content\/uploads\/sites\/13\/2018\/05\/event-15.jpg\" class=\"attachment-themename_image_size_square size-themename_image_size_square wp-post-image\" alt=\"\" \/>\t<\/div>\n<div class=\"qode-cli-text-holder\">\n\t<div class=\"qode-cli-text-wrapper\">\n\t\t<div class=\"qode-cli-text\">\n\t\t\t<div class=\"qode-cli-top-info\">\n\t\t\t\t<div class=\"qode-ci-price-holder\">\n\t\t\t<span class=\"qode-ci-price-value\">\n          0      <\/span>\n\t<\/div>\n\n\t\t\t\t\t<h5 itemprop=\"name\" class=\"qode-cli-title entry-title\" >\n\t<a itemprop=\"url\" href=\"https:\/\/grancanaria.eleusal.com\/es\/course\/packs-grupos-actividades\/\" target=\"_self\">\n\t\tPACKS GRUPOS + ACTIVIDADES\t<\/a>\n\t<\/h5>\n\t\t\t\t\t\t\n\t\t\t\t<a itemprop=\"url\" href=\"https:\/\/grancanaria.eleusal.com\/es\/course\/packs-grupos-actividades\/\" target=\"_self\">\n    <span class=\"qode-instructor-name\">\n       PACKS GRUPOS + ACTIVIDADES    <\/span>\n<\/a>\n\t\t\t\n\t\t\t<\/div>\n\t\t\t\t<p itemprop=\"description\" class=\"qode-cli-excerpt\">Aprende espa\u00f1ol y sum\u00e9rgete en su cultura con este pack pa<\/p>\n\t\t\t<div class=\"qode-cli-bottom-info\">\n\t\t\t\t\t\t<div class=\"qode-cli-category-holder\">\n\t\t\t<span aria-hidden=\"true\" class=\"qode-category-icon\"><\/span>\n\t\t\t\t\t\t\t<a itemprop=\"url\" class=\"qode-cli-category\" href=\"https:\/\/grancanaria.eleusal.com\/es\/course-category\/cursos-populares\/\">Cursos populares<\/a>\n\t\t\t\t\t<\/div>\n\t\t\t\t\t\n\t\t\t\t<div class=\"qode-students-number-holder\">\n\t<span aria-hidden=\"true\" class=\"dripicons-user qode-student-icon\"><\/span>\n\t<span class=\"qode-student-number\">\n        <\/span>\n<\/div>\n\t\t\t<\/div>\n\t\t<\/div>\n\t<\/div>\n<\/div>\t\t<a itemprop=\"url\" class=\"qode-cli-link qode-block-drag-link\" href=\"https:\/\/grancanaria.eleusal.com\/es\/course\/packs-grupos-actividades\/\" target=\"_self\"><\/a>\n\t<\/div>\n<\/article><article class=\"qode-cl-item qode-item-space post-5562 course type-course status-publish has-post-thumbnail hentry course-category-cursos-populares course-tag-spanishcourse\"  data-name=curso-profesores-ele-130-horas-asincronico data-date=>\n\t<div class=\"qode-cl-item-inner\">\n\t\t<div class=\"qode-cli-image\">\n\t\t\t<img loading=\"lazy\" decoding=\"async\" width=\"650\" height=\"325\" src=\"https:\/\/grancanaria.eleusal.com\/wp-content\/uploads\/sites\/13\/2023\/02\/ELE-USAL-GC-4-copia.jpg\" class=\"attachment-themename_image_size_square size-themename_image_size_square wp-post-image\" alt=\"\" srcset=\"https:\/\/grancanaria.eleusal.com\/wp-content\/uploads\/sites\/13\/2023\/02\/ELE-USAL-GC-4-copia.jpg 650w, https:\/\/grancanaria.eleusal.com\/wp-content\/uploads\/sites\/13\/2023\/02\/ELE-USAL-GC-4-copia-300x150.jpg 300w\" sizes=\"auto, (max-width: 650px) 100vw, 650px\" \/>\t<\/div>\n<div class=\"qode-cli-text-holder\">\n\t<div class=\"qode-cli-text-wrapper\">\n\t\t<div class=\"qode-cli-text\">\n\t\t\t<div class=\"qode-cli-top-info\">\n\t\t\t\t<div class=\"qode-ci-price-holder\">\n\t\t\t<span class=\"qode-ci-price-value\">\n          0      <\/span>\n\t<\/div>\n\n\t\t\t\t\t<h5 itemprop=\"name\" class=\"qode-cli-title entry-title\" >\n\t<a itemprop=\"url\" href=\"https:\/\/grancanaria.eleusal.com\/es\/course\/curso-profesores-ele\/\" target=\"_self\">\n\t\tCURSO PROFESORES ELE 130 HORAS ASINCRONICO\t<\/a>\n\t<\/h5>\n\t\t\t\t\t\t\n\t\t\t\t<a itemprop=\"url\" href=\"https:\/\/grancanaria.eleusal.com\/es\/course\/curso-profesores-ele\/\" target=\"_self\">\n    <span class=\"qode-instructor-name\">\n       CURSO PROFESORES ELE 130 HORAS ASINCRONICO    <\/span>\n<\/a>\n\t\t\t\n\t\t\t<\/div>\n\t\t\t\t<p itemprop=\"description\" class=\"qode-cli-excerpt\">Curso as\u00edncr\u00f3nico de la Universidad de Salamanca. 130 hora<\/p>\n\t\t\t<div class=\"qode-cli-bottom-info\">\n\t\t\t\t\t\t<div class=\"qode-cli-category-holder\">\n\t\t\t<span aria-hidden=\"true\" class=\"qode-category-icon\"><\/span>\n\t\t\t\t\t\t\t<a itemprop=\"url\" class=\"qode-cli-category\" href=\"https:\/\/grancanaria.eleusal.com\/es\/course-category\/cursos-populares\/\">Cursos populares<\/a>\n\t\t\t\t\t<\/div>\n\t\t\t\t\t\n\t\t\t\t<div class=\"qode-students-number-holder\">\n\t<span aria-hidden=\"true\" class=\"dripicons-user qode-student-icon\"><\/span>\n\t<span class=\"qode-student-number\">\n        <\/span>\n<\/div>\n\t\t\t<\/div>\n\t\t<\/div>\n\t<\/div>\n<\/div>\t\t<a itemprop=\"url\" class=\"qode-cli-link qode-block-drag-link\" href=\"https:\/\/grancanaria.eleusal.com\/es\/course\/curso-profesores-ele\/\" target=\"_self\"><\/a>\n\t<\/div>\n<\/article><article class=\"qode-cl-item qode-item-space post-5561 course type-course status-publish has-post-thumbnail hentry course-category-cursos-populares course-tag-spanishcourse\"  data-name=curso-intensivo-20h data-date=>\n\t<div class=\"qode-cl-item-inner\">\n\t\t<div class=\"qode-cli-image\">\n\t\t\t<img loading=\"lazy\" decoding=\"async\" width=\"1200\" height=\"815\" src=\"https:\/\/grancanaria.eleusal.com\/wp-content\/uploads\/sites\/13\/2018\/05\/event-1.jpg\" class=\"attachment-themename_image_size_square size-themename_image_size_square wp-post-image\" alt=\"\" \/>\t<\/div>\n<div class=\"qode-cli-text-holder\">\n\t<div class=\"qode-cli-text-wrapper\">\n\t\t<div class=\"qode-cli-text\">\n\t\t\t<div class=\"qode-cli-top-info\">\n\t\t\t\t<div class=\"qode-ci-price-holder\">\n\t\t\t<span class=\"qode-ci-price-value\">\n          0      <\/span>\n\t<\/div>\n\n\t\t\t\t\t<h5 itemprop=\"name\" class=\"qode-cli-title entry-title\" >\n\t<a itemprop=\"url\" href=\"https:\/\/grancanaria.eleusal.com\/es\/course\/curso-intensivo-20h\/\" target=\"_self\">\n\t\tCURSO INTENSIVO 20H\t<\/a>\n\t<\/h5>\n\t\t\t\t\t\t\n\t\t\t\t<a itemprop=\"url\" href=\"https:\/\/grancanaria.eleusal.com\/es\/course\/curso-intensivo-20h\/\" target=\"_self\">\n    <span class=\"qode-instructor-name\">\n       CURSO INTENSIVO 20H    <\/span>\n<\/a>\n\t\t\t\n\t\t\t<\/div>\n\t\t\t\t<p itemprop=\"description\" class=\"qode-cli-excerpt\">Curso de espa\u00f1ol intensivo con el doble de aprendizaje. Tod<\/p>\n\t\t\t<div class=\"qode-cli-bottom-info\">\n\t\t\t\t\t\t<div class=\"qode-cli-category-holder\">\n\t\t\t<span aria-hidden=\"true\" class=\"qode-category-icon\"><\/span>\n\t\t\t\t\t\t\t<a itemprop=\"url\" class=\"qode-cli-category\" href=\"https:\/\/grancanaria.eleusal.com\/es\/course-category\/cursos-populares\/\">Cursos populares<\/a>\n\t\t\t\t\t<\/div>\n\t\t\t\t\t\n\t\t\t\t<div class=\"qode-students-number-holder\">\n\t<span aria-hidden=\"true\" class=\"dripicons-user qode-student-icon\"><\/span>\n\t<span class=\"qode-student-number\">\n        <\/span>\n<\/div>\n\t\t\t<\/div>\n\t\t<\/div>\n\t<\/div>\n<\/div>\t\t<a itemprop=\"url\" class=\"qode-cli-link qode-block-drag-link\" href=\"https:\/\/grancanaria.eleusal.com\/es\/course\/curso-intensivo-20h\/\" target=\"_self\"><\/a>\n\t<\/div>\n<\/article><article class=\"qode-cl-item qode-item-space post-5556 course type-course status-publish has-post-thumbnail hentry course-category-cursos-ele course-category-cursos-populares course-tag-spanishcourse\"  data-name=curso-intensivo-10h data-date=>\n\t<div class=\"qode-cl-item-inner\">\n\t\t<div class=\"qode-cli-image\">\n\t\t\t<img loading=\"lazy\" decoding=\"async\" width=\"1200\" height=\"727\" src=\"https:\/\/grancanaria.eleusal.com\/wp-content\/uploads\/sites\/13\/2018\/04\/blog-1-1.jpg\" class=\"attachment-themename_image_size_square size-themename_image_size_square wp-post-image\" alt=\"\" \/>\t<\/div>\n<div class=\"qode-cli-text-holder\">\n\t<div class=\"qode-cli-text-wrapper\">\n\t\t<div class=\"qode-cli-text\">\n\t\t\t<div class=\"qode-cli-top-info\">\n\t\t\t\t<div class=\"qode-ci-price-holder\">\n\t\t\t<span class=\"qode-ci-price-value\">\n          0      <\/span>\n\t<\/div>\n\n\t\t\t\t\t<h5 itemprop=\"name\" class=\"qode-cli-title entry-title\" >\n\t<a itemprop=\"url\" href=\"https:\/\/grancanaria.eleusal.com\/es\/course\/curso-intensivo-10h\/\" target=\"_self\">\n\t\tCURSO INTENSIVO 10H\t<\/a>\n\t<\/h5>\n\t\t\t\t\t\t\n\t\t\t\t<a itemprop=\"url\" href=\"https:\/\/grancanaria.eleusal.com\/es\/course\/curso-intensivo-10h\/\" target=\"_self\">\n    <span class=\"qode-instructor-name\">\n       CURSO INTENSIVO 10H    <\/span>\n<\/a>\n\t\t\t\n\t\t\t<\/div>\n\t\t\t\t<p itemprop=\"description\" class=\"qode-cli-excerpt\">Curso de espa\u00f1ol intensivo destinado a extranjeros que quie<\/p>\n\t\t\t<div class=\"qode-cli-bottom-info\">\n\t\t\t\t\t\t<div class=\"qode-cli-category-holder\">\n\t\t\t<span aria-hidden=\"true\" class=\"qode-category-icon\"><\/span>\n\t\t\t\t\t\t\t<a itemprop=\"url\" class=\"qode-cli-category\" href=\"https:\/\/grancanaria.eleusal.com\/es\/course-category\/cursos-ele\/\">Cursos ELE<\/a>\n\t\t\t\t\t\t\t<a itemprop=\"url\" class=\"qode-cli-category\" href=\"https:\/\/grancanaria.eleusal.com\/es\/course-category\/cursos-populares\/\">Cursos populares<\/a>\n\t\t\t\t\t<\/div>\n\t\t\t\t\t\n\t\t\t\t<div class=\"qode-students-number-holder\">\n\t<span aria-hidden=\"true\" class=\"dripicons-user qode-student-icon\"><\/span>\n\t<span class=\"qode-student-number\">\n        <\/span>\n<\/div>\n\t\t\t<\/div>\n\t\t<\/div>\n\t<\/div>\n<\/div>\t\t<a itemprop=\"url\" class=\"qode-cli-link qode-block-drag-link\" href=\"https:\/\/grancanaria.eleusal.com\/es\/course\/curso-intensivo-10h\/\" target=\"_self\"><\/a>\n\t<\/div>\n<\/article><article class=\"qode-cl-item qode-item-space post-7135 course type-course status-publish has-post-thumbnail hentry course-category-cursos-populares\"  data-name=curso-de-espa\u00f1ol-online-de-ele-usal data-date=>\n\t<div class=\"qode-cl-item-inner\">\n\t\t<div class=\"qode-cli-image\">\n\t\t\t<img loading=\"lazy\" decoding=\"async\" width=\"1200\" height=\"500\" src=\"https:\/\/grancanaria.eleusal.com\/wp-content\/uploads\/sites\/13\/2023\/09\/CURSO-ONLINE.png\" class=\"attachment-themename_image_size_square size-themename_image_size_square wp-post-image\" alt=\"CURSO DE ESPA\u00d1OL ONLINE DE ELE USAL\" srcset=\"https:\/\/grancanaria.eleusal.com\/wp-content\/uploads\/sites\/13\/2023\/09\/CURSO-ONLINE.png 1200w, https:\/\/grancanaria.eleusal.com\/wp-content\/uploads\/sites\/13\/2023\/09\/CURSO-ONLINE-300x125.png 300w, https:\/\/grancanaria.eleusal.com\/wp-content\/uploads\/sites\/13\/2023\/09\/CURSO-ONLINE-1024x427.png 1024w, https:\/\/grancanaria.eleusal.com\/wp-content\/uploads\/sites\/13\/2023\/09\/CURSO-ONLINE-768x320.png 768w, https:\/\/grancanaria.eleusal.com\/wp-content\/uploads\/sites\/13\/2023\/09\/CURSO-ONLINE-700x292.png 700w\" sizes=\"auto, (max-width: 1200px) 100vw, 1200px\" \/>\t<\/div>\n<div class=\"qode-cli-text-holder\">\n\t<div class=\"qode-cli-text-wrapper\">\n\t\t<div class=\"qode-cli-text\">\n\t\t\t<div class=\"qode-cli-top-info\">\n\t\t\t\t<div class=\"qode-ci-price-holder\">\n\t\t\t<span class=\"qode-ci-price-value\">\n          0      <\/span>\n\t<\/div>\n\n\t\t\t\t\t<h5 itemprop=\"name\" class=\"qode-cli-title entry-title\" >\n\t<a itemprop=\"url\" href=\"https:\/\/grancanaria.eleusal.com\/es\/course\/curso-de-espanol-online-de-ele-usal\/\" target=\"_self\">\n\t\tCurso de espa\u00f1ol online de ELE USAL\t<\/a>\n\t<\/h5>\n\t\t\t\t\t\t\n\t\t\t\t<a itemprop=\"url\" href=\"https:\/\/grancanaria.eleusal.com\/es\/course\/curso-de-espanol-online-de-ele-usal\/\" target=\"_self\">\n    <span class=\"qode-instructor-name\">\n       Curso de espa\u00f1ol online de ELE USAL    <\/span>\n<\/a>\n\t\t\t\n\t\t\t<\/div>\n\t\t\t\t<p itemprop=\"description\" class=\"qode-cli-excerpt\">[vc_row css_animation=\u00bb\u00bb row_type=\u00bbrow\u00bb use_row_as_full_<\/p>\n\t\t\t<div class=\"qode-cli-bottom-info\">\n\t\t\t\t\t\t<div class=\"qode-cli-category-holder\">\n\t\t\t<span aria-hidden=\"true\" class=\"qode-category-icon\"><\/span>\n\t\t\t\t\t\t\t<a itemprop=\"url\" class=\"qode-cli-category\" href=\"https:\/\/grancanaria.eleusal.com\/es\/course-category\/cursos-populares\/\">Cursos populares<\/a>\n\t\t\t\t\t<\/div>\n\t\t\t\t\t\n\t\t\t\t<div class=\"qode-students-number-holder\">\n\t<span aria-hidden=\"true\" class=\"dripicons-user qode-student-icon\"><\/span>\n\t<span class=\"qode-student-number\">\n        <\/span>\n<\/div>\n\t\t\t<\/div>\n\t\t<\/div>\n\t<\/div>\n<\/div>\t\t<a itemprop=\"url\" class=\"qode-cli-link qode-block-drag-link\" href=\"https:\/\/grancanaria.eleusal.com\/es\/course\/curso-de-espanol-online-de-ele-usal\/\" target=\"_self\"><\/a>\n\t<\/div>\n<\/article><article class=\"qode-cl-item qode-item-space post-5566 course type-course status-publish has-post-thumbnail hentry course-category-cursos-populares course-tag-spanishcourse\"  data-name=clases-privadas data-date=>\n\t<div class=\"qode-cl-item-inner\">\n\t\t<div class=\"qode-cli-image\">\n\t\t\t<img loading=\"lazy\" decoding=\"async\" width=\"700\" height=\"423\" src=\"https:\/\/grancanaria.eleusal.com\/wp-content\/uploads\/sites\/13\/2023\/02\/curso_videoconferencia-700x423-1.jpg\" class=\"attachment-themename_image_size_square size-themename_image_size_square wp-post-image\" alt=\"\" srcset=\"https:\/\/grancanaria.eleusal.com\/wp-content\/uploads\/sites\/13\/2023\/02\/curso_videoconferencia-700x423-1.jpg 700w, https:\/\/grancanaria.eleusal.com\/wp-content\/uploads\/sites\/13\/2023\/02\/curso_videoconferencia-700x423-1-300x181.jpg 300w\" sizes=\"auto, (max-width: 700px) 100vw, 700px\" \/>\t<\/div>\n<div class=\"qode-cli-text-holder\">\n\t<div class=\"qode-cli-text-wrapper\">\n\t\t<div class=\"qode-cli-text\">\n\t\t\t<div class=\"qode-cli-top-info\">\n\t\t\t\t<div class=\"qode-ci-price-holder\">\n\t\t\t<span class=\"qode-ci-price-value\">\n          0      <\/span>\n\t<\/div>\n\n\t\t\t\t\t<h5 itemprop=\"name\" class=\"qode-cli-title entry-title\" >\n\t<a itemprop=\"url\" href=\"https:\/\/grancanaria.eleusal.com\/es\/course\/clases-privadas\/\" target=\"_self\">\n\t\tCLASES PRIVADAS\t<\/a>\n\t<\/h5>\n\t\t\t\t\t\t\n\t\t\t\t<a itemprop=\"url\" href=\"https:\/\/grancanaria.eleusal.com\/es\/course\/clases-privadas\/\" target=\"_self\">\n    <span class=\"qode-instructor-name\">\n       CLASES PRIVADAS    <\/span>\n<\/a>\n\t\t\t\n\t\t\t<\/div>\n\t\t\t\t<p itemprop=\"description\" class=\"qode-cli-excerpt\">[vc_row css_animation=\u00bb\u00bb row_type=\u00bbrow\u00bb use_row_as_full_<\/p>\n\t\t\t<div class=\"qode-cli-bottom-info\">\n\t\t\t\t\t\t<div class=\"qode-cli-category-holder\">\n\t\t\t<span aria-hidden=\"true\" class=\"qode-category-icon\"><\/span>\n\t\t\t\t\t\t\t<a itemprop=\"url\" class=\"qode-cli-category\" href=\"https:\/\/grancanaria.eleusal.com\/es\/course-category\/cursos-populares\/\">Cursos populares<\/a>\n\t\t\t\t\t<\/div>\n\t\t\t\t\t\n\t\t\t\t<div class=\"qode-students-number-holder\">\n\t<span aria-hidden=\"true\" class=\"dripicons-user qode-student-icon\"><\/span>\n\t<span class=\"qode-student-number\">\n        <\/span>\n<\/div>\n\t\t\t<\/div>\n\t\t<\/div>\n\t<\/div>\n<\/div>\t\t<a itemprop=\"url\" class=\"qode-cli-link qode-block-drag-link\" href=\"https:\/\/grancanaria.eleusal.com\/es\/course\/clases-privadas\/\" target=\"_self\"><\/a>\n\t<\/div>\n<\/article>\t<\/div>\n\t\n\t<\/div>[\/vc_column][\/vc_row][vc_row css_animation=\u00bb\u00bb row_type=\u00bbrow\u00bb use_row_as_full_screen_section=\u00bbno\u00bb type=\u00bbfull_width\u00bb angled_section=\u00bbno\u00bb text_align=\u00bbcenter\u00bb background_image_as_pattern=\u00bbwithout_pattern\u00bb z_index=\u00bb\u00bb][vc_column]<a  itemprop=\"url\" href=\"https:\/\/grancanaria-sig.eleusal.com\/satisfaction-survey\/\" target=\"_blank\"  class=\"qbutton  default\" style=\"\">TEST DE SATISFACCI\u00d3N ELE USAL GRAN CANARIA<\/a>[vc_empty_space][vc_empty_space][\/vc_column][\/vc_row]<\/p>\n","protected":false},"excerpt":{"rendered":"<p>[vc_row css_animation=\u00bb\u00bb row_type=\u00bbrow\u00bb use_row_as_full_screen_section=\u00bbno\u00bb type=\u00bbfull_width\u00bb angled_section=\u00bbno\u00bb text_align=\u00bbleft\u00bb background_image_as_pattern=\u00bbwithout_pattern\u00bb][vc_column][vc_column_text] CURSOS DE ESPA\u00d1OL EN ELE USAL GRAN CANARIA [\/vc_column_text][\/vc_column][\/vc_row][vc_row css_animation=\u00bb\u00bb row_type=\u00bbrow\u00bb use_row_as_full_screen_section=\u00bbno\u00bb type=\u00bbfull_width\u00bb angled_section=\u00bbno\u00bb text_align=\u00bbleft\u00bb background_image_as_pattern=\u00bbwithout_pattern\u00bb padding_bottom=\u00bb90&#8243; z_index=\u00bb\u00bb][vc_column][vc_column_text] Cursos de ELE en Gran Canaria [\/vc_column_text][vc_empty_space][vc_empty_space][\/vc_column][\/vc_row][vc_row css_animation=\u00bb\u00bb row_type=\u00bbrow\u00bb use_row_as_full_screen_section=\u00bbno\u00bb type=\u00bbfull_width\u00bb angled_section=\u00bbno\u00bb text_align=\u00bbcenter\u00bb background_image_as_pattern=\u00bbwithout_pattern\u00bb z_index=\u00bb\u00bb][vc_column][vc_empty_space][vc_empty_space][\/vc_column][\/vc_row]<\/p>\n","protected":false},"author":3,"featured_media":0,"parent":0,"menu_order":0,"comment_status":"closed","ping_status":"closed","template":"","meta":{"footnotes":""},"class_list":["post-1116","page","type-page","status-publish","hentry"],"yoast_head":"<!-- This site is optimized with the Yoast SEO plugin v24.2 - https:\/\/yoast.com\/wordpress\/plugins\/seo\/ -->\n<title>Cursos - ELE USAL Gran Canaria<\/title>\n<meta name=\"description\" content=\"\u00bfQueires aprender espa\u00f1ol? ELE USAL Gran Canaria ofrece cursos de espa\u00f1ol con la calidad y garant\u00eda de la Universidad de Salamanca\" \/>\n<meta name=\"robots\" content=\"index, follow, max-snippet:-1, max-image-preview:large, max-video-preview:-1\" \/>\n<link rel=\"canonical\" href=\"https:\/\/grancanaria.eleusal.com\/es\/cursos-espanol-en-gran-canaria\/\" \/>\n<meta property=\"og:locale\" content=\"es_ES\" \/>\n<meta property=\"og:type\" content=\"article\" \/>\n<meta property=\"og:title\" content=\"Cursos - ELE USAL Gran Canaria\" \/>\n<meta property=\"og:description\" content=\"\u00bfQueires aprender espa\u00f1ol? ELE USAL Gran Canaria ofrece cursos de espa\u00f1ol con la calidad y garant\u00eda de la Universidad de Salamanca\" \/>\n<meta property=\"og:url\" content=\"https:\/\/grancanaria.eleusal.com\/es\/cursos-espanol-en-gran-canaria\/\" \/>\n<meta property=\"og:site_name\" content=\"ELE USAL Gran Canaria\" \/>\n<meta property=\"article:publisher\" content=\"https:\/\/www.facebook.com\/eleusalgrancanaria\/\" \/>\n<meta property=\"article:modified_time\" content=\"2023-10-20T10:57:16+00:00\" \/>\n<meta name=\"twitter:card\" content=\"summary_large_image\" \/>\n<meta name=\"twitter:site\" content=\"@usal_ele\" \/>\n<meta name=\"twitter:label1\" content=\"Tiempo de lectura\" \/>\n\t<meta name=\"twitter:data1\" content=\"1 minuto\" \/>\n<script type=\"application\/ld+json\" class=\"yoast-schema-graph\">{\"@context\":\"https:\/\/schema.org\",\"@graph\":[{\"@type\":\"WebPage\",\"@id\":\"https:\/\/grancanaria.eleusal.com\/es\/cursos-espanol-en-gran-canaria\/\",\"url\":\"https:\/\/grancanaria.eleusal.com\/es\/cursos-espanol-en-gran-canaria\/\",\"name\":\"Cursos - ELE USAL Gran Canaria\",\"isPartOf\":{\"@id\":\"https:\/\/grancanaria.eleusal.com\/#website\"},\"datePublished\":\"2019-11-12T10:10:55+00:00\",\"dateModified\":\"2023-10-20T10:57:16+00:00\",\"description\":\"\u00bfQueires aprender espa\u00f1ol? ELE USAL Gran Canaria ofrece cursos de espa\u00f1ol con la calidad y garant\u00eda de la Universidad de Salamanca\",\"breadcrumb\":{\"@id\":\"https:\/\/grancanaria.eleusal.com\/es\/cursos-espanol-en-gran-canaria\/#breadcrumb\"},\"inLanguage\":\"es\",\"potentialAction\":[{\"@type\":\"ReadAction\",\"target\":[\"https:\/\/grancanaria.eleusal.com\/es\/cursos-espanol-en-gran-canaria\/\"]}]},{\"@type\":\"BreadcrumbList\",\"@id\":\"https:\/\/grancanaria.eleusal.com\/es\/cursos-espanol-en-gran-canaria\/#breadcrumb\",\"itemListElement\":[{\"@type\":\"ListItem\",\"position\":1,\"name\":\"Home\",\"item\":\"https:\/\/grancanaria.eleusal.com\/es\/\"},{\"@type\":\"ListItem\",\"position\":2,\"name\":\"Cursos\"}]},{\"@type\":\"WebSite\",\"@id\":\"https:\/\/grancanaria.eleusal.com\/#website\",\"url\":\"https:\/\/grancanaria.eleusal.com\/\",\"name\":\"ELE USAL Gran Canaria\",\"description\":\"ELE USAL\",\"publisher\":{\"@id\":\"https:\/\/grancanaria.eleusal.com\/#organization\"},\"potentialAction\":[{\"@type\":\"SearchAction\",\"target\":{\"@type\":\"EntryPoint\",\"urlTemplate\":\"https:\/\/grancanaria.eleusal.com\/?s={search_term_string}\"},\"query-input\":{\"@type\":\"PropertyValueSpecification\",\"valueRequired\":true,\"valueName\":\"search_term_string\"}}],\"inLanguage\":\"es\"},{\"@type\":\"Organization\",\"@id\":\"https:\/\/grancanaria.eleusal.com\/#organization\",\"name\":\"ELE USAL Gran Canaria\",\"url\":\"https:\/\/grancanaria.eleusal.com\/\",\"logo\":{\"@type\":\"ImageObject\",\"inLanguage\":\"es\",\"@id\":\"https:\/\/grancanaria.eleusal.com\/#\/schema\/logo\/image\/\",\"url\":\"https:\/\/grancanaria.eleusal.com\/wp-content\/uploads\/sites\/13\/2019\/10\/ELE-USAL-GranCanaria.png\",\"contentUrl\":\"https:\/\/grancanaria.eleusal.com\/wp-content\/uploads\/sites\/13\/2019\/10\/ELE-USAL-GranCanaria.png\",\"width\":909,\"height\":45,\"caption\":\"ELE USAL Gran Canaria\"},\"image\":{\"@id\":\"https:\/\/grancanaria.eleusal.com\/#\/schema\/logo\/image\/\"},\"sameAs\":[\"https:\/\/www.facebook.com\/eleusalgrancanaria\/\",\"https:\/\/x.com\/usal_ele\",\"https:\/\/www.instagram.com\/p\/CDBJYbNiPPu\/\"]}]}<\/script>\n<!-- \/ Yoast SEO plugin. -->","yoast_head_json":{"title":"Cursos - ELE USAL Gran Canaria","description":"\u00bfQueires aprender espa\u00f1ol? ELE USAL Gran Canaria ofrece cursos de espa\u00f1ol con la calidad y garant\u00eda de la Universidad de Salamanca","robots":{"index":"index","follow":"follow","max-snippet":"max-snippet:-1","max-image-preview":"max-image-preview:large","max-video-preview":"max-video-preview:-1"},"canonical":"https:\/\/grancanaria.eleusal.com\/es\/cursos-espanol-en-gran-canaria\/","og_locale":"es_ES","og_type":"article","og_title":"Cursos - ELE USAL Gran Canaria","og_description":"\u00bfQueires aprender espa\u00f1ol? ELE USAL Gran Canaria ofrece cursos de espa\u00f1ol con la calidad y garant\u00eda de la Universidad de Salamanca","og_url":"https:\/\/grancanaria.eleusal.com\/es\/cursos-espanol-en-gran-canaria\/","og_site_name":"ELE USAL Gran Canaria","article_publisher":"https:\/\/www.facebook.com\/eleusalgrancanaria\/","article_modified_time":"2023-10-20T10:57:16+00:00","twitter_card":"summary_large_image","twitter_site":"@usal_ele","twitter_misc":{"Tiempo de lectura":"1 minuto"},"schema":{"@context":"https:\/\/schema.org","@graph":[{"@type":"WebPage","@id":"https:\/\/grancanaria.eleusal.com\/es\/cursos-espanol-en-gran-canaria\/","url":"https:\/\/grancanaria.eleusal.com\/es\/cursos-espanol-en-gran-canaria\/","name":"Cursos - ELE USAL Gran Canaria","isPartOf":{"@id":"https:\/\/grancanaria.eleusal.com\/#website"},"datePublished":"2019-11-12T10:10:55+00:00","dateModified":"2023-10-20T10:57:16+00:00","description":"\u00bfQueires aprender espa\u00f1ol? ELE USAL Gran Canaria ofrece cursos de espa\u00f1ol con la calidad y garant\u00eda de la Universidad de Salamanca","breadcrumb":{"@id":"https:\/\/grancanaria.eleusal.com\/es\/cursos-espanol-en-gran-canaria\/#breadcrumb"},"inLanguage":"es","potentialAction":[{"@type":"ReadAction","target":["https:\/\/grancanaria.eleusal.com\/es\/cursos-espanol-en-gran-canaria\/"]}]},{"@type":"BreadcrumbList","@id":"https:\/\/grancanaria.eleusal.com\/es\/cursos-espanol-en-gran-canaria\/#breadcrumb","itemListElement":[{"@type":"ListItem","position":1,"name":"Home","item":"https:\/\/grancanaria.eleusal.com\/es\/"},{"@type":"ListItem","position":2,"name":"Cursos"}]},{"@type":"WebSite","@id":"https:\/\/grancanaria.eleusal.com\/#website","url":"https:\/\/grancanaria.eleusal.com\/","name":"ELE USAL Gran Canaria","description":"ELE USAL","publisher":{"@id":"https:\/\/grancanaria.eleusal.com\/#organization"},"potentialAction":[{"@type":"SearchAction","target":{"@type":"EntryPoint","urlTemplate":"https:\/\/grancanaria.eleusal.com\/?s={search_term_string}"},"query-input":{"@type":"PropertyValueSpecification","valueRequired":true,"valueName":"search_term_string"}}],"inLanguage":"es"},{"@type":"Organization","@id":"https:\/\/grancanaria.eleusal.com\/#organization","name":"ELE USAL Gran Canaria","url":"https:\/\/grancanaria.eleusal.com\/","logo":{"@type":"ImageObject","inLanguage":"es","@id":"https:\/\/grancanaria.eleusal.com\/#\/schema\/logo\/image\/","url":"https:\/\/grancanaria.eleusal.com\/wp-content\/uploads\/sites\/13\/2019\/10\/ELE-USAL-GranCanaria.png","contentUrl":"https:\/\/grancanaria.eleusal.com\/wp-content\/uploads\/sites\/13\/2019\/10\/ELE-USAL-GranCanaria.png","width":909,"height":45,"caption":"ELE USAL Gran Canaria"},"image":{"@id":"https:\/\/grancanaria.eleusal.com\/#\/schema\/logo\/image\/"},"sameAs":["https:\/\/www.facebook.com\/eleusalgrancanaria\/","https:\/\/x.com\/usal_ele","https:\/\/www.instagram.com\/p\/CDBJYbNiPPu\/"]}]}},"_links":{"self":[{"href":"https:\/\/grancanaria.eleusal.com\/es\/wp-json\/wp\/v2\/pages\/1116","targetHints":{"allow":["GET"]}}],"collection":[{"href":"https:\/\/grancanaria.eleusal.com\/es\/wp-json\/wp\/v2\/pages"}],"about":[{"href":"https:\/\/grancanaria.eleusal.com\/es\/wp-json\/wp\/v2\/types\/page"}],"author":[{"embeddable":true,"href":"https:\/\/grancanaria.eleusal.com\/es\/wp-json\/wp\/v2\/users\/3"}],"replies":[{"embeddable":true,"href":"https:\/\/grancanaria.eleusal.com\/es\/wp-json\/wp\/v2\/comments?post=1116"}],"version-history":[{"count":19,"href":"https:\/\/grancanaria.eleusal.com\/es\/wp-json\/wp\/v2\/pages\/1116\/revisions"}],"predecessor-version":[{"id":7305,"href":"https:\/\/grancanaria.eleusal.com\/es\/wp-json\/wp\/v2\/pages\/1116\/revisions\/7305"}],"wp:attachment":[{"href":"https:\/\/grancanaria.eleusal.com\/es\/wp-json\/wp\/v2\/media?parent=1116"}],"curies":[{"name":"wp","href":"https:\/\/api.w.org\/{rel}","templated":true}]}}