{"id":672,"date":"2019-09-24T12:16:38","date_gmt":"2019-09-24T10:16:38","guid":{"rendered":"http:\/\/original.eleusal.com\/?page_id=672"},"modified":"2021-06-03T16:40:34","modified_gmt":"2021-06-03T14:40:34","slug":"escuela-espanol-gran-canaria","status":"publish","type":"page","link":"https:\/\/grancanaria.eleusal.com\/es\/escuela-espanol-gran-canaria\/","title":{"rendered":"Escuela"},"content":{"rendered":"<p>[vc_row css_animation=\u00bb\u00bb row_type=\u00bbrow\u00bb use_row_as_full_screen_section=\u00bbno\u00bb type=\u00bbfull_width\u00bb angled_section=\u00bbno\u00bb text_align=\u00bbleft\u00bb background_image_as_pattern=\u00bbwithout_pattern\u00bb][vc_column][vc_column_text]<\/p>\n<h2 style=\"text-align: center\">ELE USAL GRAN CANARIA<\/h2>\n<p>[\/vc_column_text][vc_empty_space][\/vc_column][\/vc_row][vc_row css_animation=\u00bb\u00bb row_type=\u00bbrow\u00bb use_row_as_full_screen_section=\u00bbno\u00bb type=\u00bbgrid\u00bb angled_section=\u00bbno\u00bb text_align=\u00bbleft\u00bb background_image_as_pattern=\u00bbwithout_pattern\u00bb z_index=\u00bb\u00bb][vc_column width=\u00bb2\/3&#8243;][vc_column_text]Las Palmas de Gran Canaria, considerada la <b>capital del Atl\u00e1ntico Medio<\/b> y con cerca de 400.000 habitantes, fue considerada en 1996 como la ciudad con el <strong>mejor clima del mundo<\/strong>, seg\u00fan un estudio elaborado por la Universidad norteamericana de Siracusa denominado \u201cPleasant weather ratings\u201d. Asimismo, recientemente fue elegida <strong>Ciudad Atl\u00e1ntica 2017<\/strong>, un t\u00edtulo que otorga la <strong>Comunidad Econ\u00f3mica Europea<\/strong> por su pol\u00edtica innovadora y creativa de desarrollo de la iniciativa <strong>ciudad del mar<\/strong>. Las Palmas, fundada en 1478, presume de una importante herencia hist\u00f3rica y cultural, que se centra en el casco antiguo de Vegueta, declarado en 1990 por la UNESCO como <strong>Patrimonio de la Humanidad<\/strong>.<\/p>\n<p>&nbsp;<\/p>\n<p>Las Palmas de Gran Canaria, que est\u00e1 situada entre dos maravillosas playas, posee una excelente infraestructura de hoteles y apartamentos y su puerto \u201cPuerto de la Luz\u201d es uno de los m\u00e1s importantes de Europa, dando a la ciudad una imagen muy <strong>cosmopolita<\/strong>.<\/p>\n<p>&nbsp;<\/p>\n<p>Con m\u00e1s de 250 kil\u00f3metros de costa, la isla de Gran Canaria es generosa en playas. Las hay para todos los gustos, desde los arenales extensos a las calas m\u00e1s peque\u00f1as, playas de arenas rubias y playas de piedra pasando por bonitas calas de arenas oscuras o charcos de marea. Playas como Maspalomas, Playa del Ingl\u00e9s o Las Canteras tienen merecida fama que va mucho m\u00e1s all\u00e1 de las fronteras de la propia isla y apuntalan su prestigio como destino tur\u00edstico de primer nivel.<\/p>\n<p>&nbsp;<\/p>\n<p>ELE USAL GRAN CANARIA, situada a pocos minutos de la playa de Las Canteras, ofrecer\u00e1 a partir de Octubre 2017 una serie de cursos de Espa\u00f1ol para Extranjeros que se podr\u00e1n combinar con actividades deportivas, gastron\u00f3micas y de ocio. Todos nuestros programas tendr\u00e1n el sello y la calidad que caracteriza a la Universidad de Salamanca, con 800 a\u00f1os de historia y l\u00edder mundial de ense\u00f1anza y certificaci\u00f3n de Espa\u00f1ol como lengua extranjera.[\/vc_column_text][\/vc_column][vc_column width=\u00bb1\/3&#8243;][vc_gmaps link=\u00bb#E-8_JTNDaWZyYW1lJTIwc3JjJTNEJTIyaHR0cHMlM0ElMkYlMkZ3d3cuZ29vZ2xlLmNvbSUyRm1hcHMlMkZlbWJlZCUzRnBiJTNEJTIxMW0xOCUyMTFtMTIlMjExbTMlMjExZDM1MTguNzc0MDUwMzE5ODc5JTIxMmQtMTUuNDM3NTIyMTg0OTU4ODM5JTIxM2QyOC4xMjI5MTUyMTM3MTMxMDMlMjEybTMlMjExZjAlMjEyZjAlMjEzZjAlMjEzbTIlMjExaTEwMjQlMjEyaTc2OCUyMTRmMTMuMSUyMTNtMyUyMTFtMiUyMTFzMHhjNDA5NTBjM2M4ODAxNGYlMjUzQTB4Mzc2MTA1YzgxYjc0Zjg0YiUyMTJzSGFydmVuJTI1MjBHcm91cCUyMTVlMCUyMTNtMiUyMTFzZXMlMjEyc2VzJTIxNHYxNTcxMTUxNTY2NzYxJTIxNW0yJTIxMXNlcyUyMTJzZXMlMjIlMjB3aWR0aCUzRCUyMjYwMCUyMiUyMGhlaWdodCUzRCUyMjQ1MCUyMiUyMGZyYW1lYm9yZGVyJTNEJTIyMCUyMiUyMHN0eWxlJTNEJTIyYm9yZGVyJTNBMCUzQiUyMiUyMGFsbG93ZnVsbHNjcmVlbiUzRCUyMiUyMiUzRSUzQyUyRmlmcmFtZSUzRSUwQQ==\u00bb size=\u00bb\u00bb][\/vc_column][\/vc_row][vc_row css_animation=\u00bb\u00bb row_type=\u00bbrow\u00bb use_row_as_full_screen_section=\u00bbno\u00bb type=\u00bbgrid\u00bb angled_section=\u00bbno\u00bb text_align=\u00bbleft\u00bb background_image_as_pattern=\u00bbwithout_pattern\u00bb padding_top=\u00bb90&#8243; padding_bottom=\u00bb90&#8243; z_index=\u00bb\u00bb][vc_column][vc_column_text]<\/p>\n<h3 style=\"text-align: center\">Nuestro equipo<\/h3>\n<p>[\/vc_column_text]<div class=\"qode-instructor-list-holder qode-normal-space qode-tl-four-columns\">\n\t<div class=\"qode-tl-inner qode-outer-space\" data-number-of-items=\"4\" data-enable-navigation=\"no\" data-enable-pagination=\"no\">\n\t\t<div class=\"qode-instructor qode-item-space info-bellow\">\n\t<div class=\"qode-instructor-inner\">\n\t\t\t\t\t<div class=\"qode-instructor-image\">\n\t\t\t\t<a itemprop=\"url\" href=\"https:\/\/grancanaria.eleusal.com\/es\/instructor\/jose-luis-artiles\/\">\n\t\t\t\t\t<img loading=\"lazy\" decoding=\"async\" width=\"150\" height=\"150\" src=\"https:\/\/grancanaria.eleusal.com\/wp-content\/uploads\/sites\/13\/2018\/04\/IMG_2763-150x150.jpg\" class=\"attachment-thumbnail size-thumbnail wp-post-image\" alt=\"Jose Luis Artiles\" srcset=\"https:\/\/grancanaria.eleusal.com\/wp-content\/uploads\/sites\/13\/2018\/04\/IMG_2763-150x150.jpg 150w, https:\/\/grancanaria.eleusal.com\/wp-content\/uploads\/sites\/13\/2018\/04\/IMG_2763-570x570.jpg 570w, https:\/\/grancanaria.eleusal.com\/wp-content\/uploads\/sites\/13\/2018\/04\/IMG_2763-500x500.jpg 500w, https:\/\/grancanaria.eleusal.com\/wp-content\/uploads\/sites\/13\/2018\/04\/IMG_2763-1000x1000.jpg 1000w\" sizes=\"auto, (max-width: 150px) 100vw, 150px\" \/>\t\t\t\t<\/a>\n\t\t\t<\/div>\n\t\t\t\t<div class=\"qode-instructor-info\">\n\t\t\t<div class=\"qode-instructor-title-holder\">\n\t\t\t\t<h4 itemprop=\"name\" class=\"qode-instructor-name entry-title\">\n\t\t\t\t\t<a itemprop=\"url\" href=\"https:\/\/grancanaria.eleusal.com\/es\/instructor\/jose-luis-artiles\/\">Jos\u00e9 Luis Art\u00edles Ram\u00edrez<\/a>\n\t\t\t\t<\/h4>\n\t\t\t\t\n\t\t\t\t\t\t\t\t\t<h6 class=\"qode-instructor-position\">CEO<\/h6>\n\t\t\t\t\t\t\t<\/div>\n\t\t\t\t\t\t\t<div class=\"qode-instructor-text\">\n\t\t\t\t\t<div class=\"qode-instructor-text-inner\">\n\t\t\t\t\t\t<div class=\"qode-instructor-description\">\n\t\t\t\t\t\t\t<p itemprop=\"description\" class=\"qode-instructor-excerpt\">[vc_row css_animation=\u00bb\u00bb row_type=\u00bbrow\u00bb use_row_as_full_screen_section=\u00bbno\u00bb type=\u00bbfull_width\u00bb angled_section=\u00bbno\u00bb text_align=\u00bbleft\u00bb background_image_as_pattern=\u00bbwithout_pattern\u00bb z_index=\u00bb\u00bb][vc_column width=\u00bb2\/3&#8243;][qode_elements_holder number_of_columns=\u00bbone_column\u00bb][qode_elements_holder_item advanced_animations=\u00bbno\u00bb item_padding=\u00bb0px 29px 0 17px\u00bb][vc_separator type=\u00bbtransparent\u00bb up=\u00bb-15&#8243;][vc_empty_space height=\u00bb14px\u00bb][vc_column_text]Formaci\u00f3n Diplomado en Ciencias Empresariales por la Universidad de Las Palmas de Gran Canaria. Licenciado en Business Administration por la University of Mary Hardin-Baylor,Texas,USA. Master en Comercio...<\/p>\n\t\t\t\t\t\t<\/div>\n\t\t\t\t\t<\/div>\n\t\t\t\t<\/div>\n\t\t\t\t\t\t<div class=\"qode-instructor-social-holder-between\">\n\t\t\t\t<div class=\"qode-instructor-social\">\n\t\t\t\t\t<div class=\"qode-instructor-social-inner\">\n\t\t\t\t\t\t<div class=\"qode-instructor-social-wrapp\">\n\t\t\t\t\t\t\t\t\t\t\t\t\t<\/div>\n\t\t\t\t\t<\/div>\n\t\t\t\t<\/div>\n\t\t\t<\/div>\n\t\t<\/div>\n\t<\/div>\n<\/div><div class=\"qode-instructor qode-item-space info-bellow\">\n\t<div class=\"qode-instructor-inner\">\n\t\t\t\t\t<div class=\"qode-instructor-image\">\n\t\t\t\t<a itemprop=\"url\" href=\"https:\/\/grancanaria.eleusal.com\/es\/instructor\/amanda-tough\/\">\n\t\t\t\t\t<img loading=\"lazy\" decoding=\"async\" width=\"150\" height=\"150\" src=\"https:\/\/grancanaria.eleusal.com\/wp-content\/uploads\/sites\/13\/2018\/04\/Amanda-Tough-150x150.jpg\" class=\"attachment-thumbnail size-thumbnail wp-post-image\" alt=\"\" srcset=\"https:\/\/grancanaria.eleusal.com\/wp-content\/uploads\/sites\/13\/2018\/04\/Amanda-Tough-150x150.jpg 150w, https:\/\/grancanaria.eleusal.com\/wp-content\/uploads\/sites\/13\/2018\/04\/Amanda-Tough-570x570.jpg 570w, https:\/\/grancanaria.eleusal.com\/wp-content\/uploads\/sites\/13\/2018\/04\/Amanda-Tough-500x500.jpg 500w, https:\/\/grancanaria.eleusal.com\/wp-content\/uploads\/sites\/13\/2018\/04\/Amanda-Tough-1000x1000.jpg 1000w, https:\/\/grancanaria.eleusal.com\/wp-content\/uploads\/sites\/13\/2018\/04\/Amanda-Tough-300x300.jpg 300w, https:\/\/grancanaria.eleusal.com\/wp-content\/uploads\/sites\/13\/2018\/04\/Amanda-Tough-100x100.jpg 100w\" sizes=\"auto, (max-width: 150px) 100vw, 150px\" \/>\t\t\t\t<\/a>\n\t\t\t<\/div>\n\t\t\t\t<div class=\"qode-instructor-info\">\n\t\t\t<div class=\"qode-instructor-title-holder\">\n\t\t\t\t<h4 itemprop=\"name\" class=\"qode-instructor-name entry-title\">\n\t\t\t\t\t<a itemprop=\"url\" href=\"https:\/\/grancanaria.eleusal.com\/es\/instructor\/amanda-tough\/\">Amanda Tough<\/a>\n\t\t\t\t<\/h4>\n\t\t\t\t\n\t\t\t\t\t\t\t\t\t<h6 class=\"qode-instructor-position\">Directora General<\/h6>\n\t\t\t\t\t\t\t<\/div>\n\t\t\t\t\t\t\t<div class=\"qode-instructor-text\">\n\t\t\t\t\t<div class=\"qode-instructor-text-inner\">\n\t\t\t\t\t\t<div class=\"qode-instructor-description\">\n\t\t\t\t\t\t\t<p itemprop=\"description\" class=\"qode-instructor-excerpt\">[vc_row css_animation=\u00bb\u00bb row_type=\u00bbrow\u00bb use_row_as_full_screen_section=\u00bbno\u00bb type=\u00bbfull_width\u00bb angled_section=\u00bbno\u00bb text_align=\u00bbleft\u00bb background_image_as_pattern=\u00bbwithout_pattern\u00bb z_index=\u00bb\u00bb][vc_column width=\u00bb2\/3&#8243;][qode_elements_holder number_of_columns=\u00bbone_column\u00bb][qode_elements_holder_item advanced_animations=\u00bbno\u00bb item_padding=\u00bb0px 29px 0 17px\u00bb][vc_separator type=\u00bbtransparent\u00bb up=\u00bb-15&#8243;][vc_column_text]Formaci\u00f3n 2013 &#8211; Programa de Alta Direcci\u00f3n (PADE) Instituto Bravo Murillo, Las Palmas de Gran Canaria 1998: Diploma de Espa\u00f1ol para Extranajeros (DELE), Instituto de Cervantes, Las Palmas...<\/p>\n\t\t\t\t\t\t<\/div>\n\t\t\t\t\t<\/div>\n\t\t\t\t<\/div>\n\t\t\t\t\t\t<div class=\"qode-instructor-social-holder-between\">\n\t\t\t\t<div class=\"qode-instructor-social\">\n\t\t\t\t\t<div class=\"qode-instructor-social-inner\">\n\t\t\t\t\t\t<div class=\"qode-instructor-social-wrapp\">\n\t\t\t\t\t\t\t\t\t\t\t\t\t<\/div>\n\t\t\t\t\t<\/div>\n\t\t\t\t<\/div>\n\t\t\t<\/div>\n\t\t<\/div>\n\t<\/div>\n<\/div>\t<\/div>\n<\/div>[\/vc_column][\/vc_row]<\/p>\n","protected":false},"excerpt":{"rendered":"<p>[vc_row css_animation=\u00bb\u00bb row_type=\u00bbrow\u00bb use_row_as_full_screen_section=\u00bbno\u00bb type=\u00bbfull_width\u00bb angled_section=\u00bbno\u00bb text_align=\u00bbleft\u00bb background_image_as_pattern=\u00bbwithout_pattern\u00bb][vc_column][vc_column_text] ELE USAL GRAN CANARIA [\/vc_column_text][vc_empty_space][\/vc_column][\/vc_row][vc_row css_animation=\u00bb\u00bb row_type=\u00bbrow\u00bb use_row_as_full_screen_section=\u00bbno\u00bb type=\u00bbgrid\u00bb angled_section=\u00bbno\u00bb text_align=\u00bbleft\u00bb background_image_as_pattern=\u00bbwithout_pattern\u00bb z_index=\u00bb\u00bb][vc_column width=\u00bb2\/3&#8243;][vc_column_text]Las Palmas de Gran Canaria, considerada la capital del Atl\u00e1ntico Medio y con cerca de 400.000 habitantes, fue considerada en 1996 como la ciudad&#8230;<\/p>\n","protected":false},"author":1,"featured_media":1876,"parent":0,"menu_order":0,"comment_status":"closed","ping_status":"closed","template":"full_width.php","meta":{"footnotes":""},"class_list":["post-672","page","type-page","status-publish","has-post-thumbnail","hentry"],"yoast_head":"<!-- This site is optimized with the Yoast SEO plugin v24.2 - https:\/\/yoast.com\/wordpress\/plugins\/seo\/ -->\n<title>Escuela - ELE USAL Gran Canaria<\/title>\n<meta name=\"robots\" content=\"index, follow, max-snippet:-1, max-image-preview:large, max-video-preview:-1\" \/>\n<link rel=\"canonical\" href=\"https:\/\/grancanaria.eleusal.com\/es\/escuela-espanol-gran-canaria\/\" \/>\n<meta property=\"og:locale\" content=\"es_ES\" \/>\n<meta property=\"og:type\" content=\"article\" \/>\n<meta property=\"og:title\" content=\"Escuela - ELE USAL Gran Canaria\" \/>\n<meta property=\"og:description\" content=\"[vc_row css_animation=\u00bb\u00bb row_type=\u00bbrow\u00bb use_row_as_full_screen_section=\u00bbno\u00bb type=\u00bbfull_width\u00bb angled_section=\u00bbno\u00bb text_align=\u00bbleft\u00bb background_image_as_pattern=\u00bbwithout_pattern\u00bb][vc_column][vc_column_text] ELE USAL GRAN CANARIA [\/vc_column_text][vc_empty_space][\/vc_column][\/vc_row][vc_row css_animation=\u00bb\u00bb row_type=\u00bbrow\u00bb use_row_as_full_screen_section=\u00bbno\u00bb type=\u00bbgrid\u00bb angled_section=\u00bbno\u00bb text_align=\u00bbleft\u00bb background_image_as_pattern=\u00bbwithout_pattern\u00bb z_index=\u00bb\u00bb][vc_column width=\u00bb2\/3&#8243;][vc_column_text]Las Palmas de Gran Canaria, considerada la capital del Atl\u00e1ntico Medio y con cerca de 400.000 habitantes, fue considerada en 1996 como la ciudad...\" \/>\n<meta property=\"og:url\" content=\"https:\/\/grancanaria.eleusal.com\/es\/escuela-espanol-gran-canaria\/\" \/>\n<meta property=\"og:site_name\" content=\"ELE USAL Gran Canaria\" \/>\n<meta property=\"article:publisher\" content=\"https:\/\/www.facebook.com\/eleusalgrancanaria\/\" \/>\n<meta property=\"article:modified_time\" content=\"2021-06-03T14:40:34+00:00\" \/>\n<meta property=\"og:image\" content=\"https:\/\/grancanaria.eleusal.com\/wp-content\/uploads\/sites\/13\/2022\/02\/Ele-usal-GC-1-copia-reducida.jpg\" \/>\n\t<meta property=\"og:image:width\" content=\"2016\" \/>\n\t<meta property=\"og:image:height\" content=\"1512\" \/>\n\t<meta property=\"og:image:type\" content=\"image\/jpeg\" \/>\n<meta name=\"twitter:card\" content=\"summary_large_image\" \/>\n<meta name=\"twitter:site\" content=\"@usal_ele\" \/>\n<meta name=\"twitter:label1\" content=\"Tiempo de lectura\" \/>\n\t<meta name=\"twitter:data1\" content=\"3 minutos\" \/>\n<script type=\"application\/ld+json\" class=\"yoast-schema-graph\">{\"@context\":\"https:\/\/schema.org\",\"@graph\":[{\"@type\":\"WebPage\",\"@id\":\"https:\/\/grancanaria.eleusal.com\/es\/escuela-espanol-gran-canaria\/\",\"url\":\"https:\/\/grancanaria.eleusal.com\/es\/escuela-espanol-gran-canaria\/\",\"name\":\"Escuela - ELE USAL Gran Canaria\",\"isPartOf\":{\"@id\":\"https:\/\/grancanaria.eleusal.com\/#website\"},\"primaryImageOfPage\":{\"@id\":\"https:\/\/grancanaria.eleusal.com\/es\/escuela-espanol-gran-canaria\/#primaryimage\"},\"image\":{\"@id\":\"https:\/\/grancanaria.eleusal.com\/es\/escuela-espanol-gran-canaria\/#primaryimage\"},\"thumbnailUrl\":\"https:\/\/grancanaria.eleusal.com\/wp-content\/uploads\/sites\/13\/2022\/02\/Ele-usal-GC-1-copia-reducida.jpg\",\"datePublished\":\"2019-09-24T10:16:38+00:00\",\"dateModified\":\"2021-06-03T14:40:34+00:00\",\"breadcrumb\":{\"@id\":\"https:\/\/grancanaria.eleusal.com\/es\/escuela-espanol-gran-canaria\/#breadcrumb\"},\"inLanguage\":\"es\",\"potentialAction\":[{\"@type\":\"ReadAction\",\"target\":[\"https:\/\/grancanaria.eleusal.com\/es\/escuela-espanol-gran-canaria\/\"]}]},{\"@type\":\"ImageObject\",\"inLanguage\":\"es\",\"@id\":\"https:\/\/grancanaria.eleusal.com\/es\/escuela-espanol-gran-canaria\/#primaryimage\",\"url\":\"https:\/\/grancanaria.eleusal.com\/wp-content\/uploads\/sites\/13\/2022\/02\/Ele-usal-GC-1-copia-reducida.jpg\",\"contentUrl\":\"https:\/\/grancanaria.eleusal.com\/wp-content\/uploads\/sites\/13\/2022\/02\/Ele-usal-GC-1-copia-reducida.jpg\",\"width\":2016,\"height\":1512},{\"@type\":\"BreadcrumbList\",\"@id\":\"https:\/\/grancanaria.eleusal.com\/es\/escuela-espanol-gran-canaria\/#breadcrumb\",\"itemListElement\":[{\"@type\":\"ListItem\",\"position\":1,\"name\":\"Home\",\"item\":\"https:\/\/grancanaria.eleusal.com\/es\/\"},{\"@type\":\"ListItem\",\"position\":2,\"name\":\"Escuela\"}]},{\"@type\":\"WebSite\",\"@id\":\"https:\/\/grancanaria.eleusal.com\/#website\",\"url\":\"https:\/\/grancanaria.eleusal.com\/\",\"name\":\"ELE USAL Gran Canaria\",\"description\":\"ELE USAL\",\"publisher\":{\"@id\":\"https:\/\/grancanaria.eleusal.com\/#organization\"},\"potentialAction\":[{\"@type\":\"SearchAction\",\"target\":{\"@type\":\"EntryPoint\",\"urlTemplate\":\"https:\/\/grancanaria.eleusal.com\/?s={search_term_string}\"},\"query-input\":{\"@type\":\"PropertyValueSpecification\",\"valueRequired\":true,\"valueName\":\"search_term_string\"}}],\"inLanguage\":\"es\"},{\"@type\":\"Organization\",\"@id\":\"https:\/\/grancanaria.eleusal.com\/#organization\",\"name\":\"ELE USAL Gran Canaria\",\"url\":\"https:\/\/grancanaria.eleusal.com\/\",\"logo\":{\"@type\":\"ImageObject\",\"inLanguage\":\"es\",\"@id\":\"https:\/\/grancanaria.eleusal.com\/#\/schema\/logo\/image\/\",\"url\":\"https:\/\/grancanaria.eleusal.com\/wp-content\/uploads\/sites\/13\/2019\/10\/ELE-USAL-GranCanaria.png\",\"contentUrl\":\"https:\/\/grancanaria.eleusal.com\/wp-content\/uploads\/sites\/13\/2019\/10\/ELE-USAL-GranCanaria.png\",\"width\":909,\"height\":45,\"caption\":\"ELE USAL Gran Canaria\"},\"image\":{\"@id\":\"https:\/\/grancanaria.eleusal.com\/#\/schema\/logo\/image\/\"},\"sameAs\":[\"https:\/\/www.facebook.com\/eleusalgrancanaria\/\",\"https:\/\/x.com\/usal_ele\",\"https:\/\/www.instagram.com\/p\/CDBJYbNiPPu\/\"]}]}<\/script>\n<!-- \/ Yoast SEO plugin. -->","yoast_head_json":{"title":"Escuela - ELE USAL Gran Canaria","robots":{"index":"index","follow":"follow","max-snippet":"max-snippet:-1","max-image-preview":"max-image-preview:large","max-video-preview":"max-video-preview:-1"},"canonical":"https:\/\/grancanaria.eleusal.com\/es\/escuela-espanol-gran-canaria\/","og_locale":"es_ES","og_type":"article","og_title":"Escuela - ELE USAL Gran Canaria","og_description":"[vc_row css_animation=\u00bb\u00bb row_type=\u00bbrow\u00bb use_row_as_full_screen_section=\u00bbno\u00bb type=\u00bbfull_width\u00bb angled_section=\u00bbno\u00bb text_align=\u00bbleft\u00bb background_image_as_pattern=\u00bbwithout_pattern\u00bb][vc_column][vc_column_text] ELE USAL GRAN CANARIA [\/vc_column_text][vc_empty_space][\/vc_column][\/vc_row][vc_row css_animation=\u00bb\u00bb row_type=\u00bbrow\u00bb use_row_as_full_screen_section=\u00bbno\u00bb type=\u00bbgrid\u00bb angled_section=\u00bbno\u00bb text_align=\u00bbleft\u00bb background_image_as_pattern=\u00bbwithout_pattern\u00bb z_index=\u00bb\u00bb][vc_column width=\u00bb2\/3&#8243;][vc_column_text]Las Palmas de Gran Canaria, considerada la capital del Atl\u00e1ntico Medio y con cerca de 400.000 habitantes, fue considerada en 1996 como la ciudad...","og_url":"https:\/\/grancanaria.eleusal.com\/es\/escuela-espanol-gran-canaria\/","og_site_name":"ELE USAL Gran Canaria","article_publisher":"https:\/\/www.facebook.com\/eleusalgrancanaria\/","article_modified_time":"2021-06-03T14:40:34+00:00","og_image":[{"width":2016,"height":1512,"url":"https:\/\/grancanaria.eleusal.com\/wp-content\/uploads\/sites\/13\/2022\/02\/Ele-usal-GC-1-copia-reducida.jpg","type":"image\/jpeg"}],"twitter_card":"summary_large_image","twitter_site":"@usal_ele","twitter_misc":{"Tiempo de lectura":"3 minutos"},"schema":{"@context":"https:\/\/schema.org","@graph":[{"@type":"WebPage","@id":"https:\/\/grancanaria.eleusal.com\/es\/escuela-espanol-gran-canaria\/","url":"https:\/\/grancanaria.eleusal.com\/es\/escuela-espanol-gran-canaria\/","name":"Escuela - ELE USAL Gran Canaria","isPartOf":{"@id":"https:\/\/grancanaria.eleusal.com\/#website"},"primaryImageOfPage":{"@id":"https:\/\/grancanaria.eleusal.com\/es\/escuela-espanol-gran-canaria\/#primaryimage"},"image":{"@id":"https:\/\/grancanaria.eleusal.com\/es\/escuela-espanol-gran-canaria\/#primaryimage"},"thumbnailUrl":"https:\/\/grancanaria.eleusal.com\/wp-content\/uploads\/sites\/13\/2022\/02\/Ele-usal-GC-1-copia-reducida.jpg","datePublished":"2019-09-24T10:16:38+00:00","dateModified":"2021-06-03T14:40:34+00:00","breadcrumb":{"@id":"https:\/\/grancanaria.eleusal.com\/es\/escuela-espanol-gran-canaria\/#breadcrumb"},"inLanguage":"es","potentialAction":[{"@type":"ReadAction","target":["https:\/\/grancanaria.eleusal.com\/es\/escuela-espanol-gran-canaria\/"]}]},{"@type":"ImageObject","inLanguage":"es","@id":"https:\/\/grancanaria.eleusal.com\/es\/escuela-espanol-gran-canaria\/#primaryimage","url":"https:\/\/grancanaria.eleusal.com\/wp-content\/uploads\/sites\/13\/2022\/02\/Ele-usal-GC-1-copia-reducida.jpg","contentUrl":"https:\/\/grancanaria.eleusal.com\/wp-content\/uploads\/sites\/13\/2022\/02\/Ele-usal-GC-1-copia-reducida.jpg","width":2016,"height":1512},{"@type":"BreadcrumbList","@id":"https:\/\/grancanaria.eleusal.com\/es\/escuela-espanol-gran-canaria\/#breadcrumb","itemListElement":[{"@type":"ListItem","position":1,"name":"Home","item":"https:\/\/grancanaria.eleusal.com\/es\/"},{"@type":"ListItem","position":2,"name":"Escuela"}]},{"@type":"WebSite","@id":"https:\/\/grancanaria.eleusal.com\/#website","url":"https:\/\/grancanaria.eleusal.com\/","name":"ELE USAL Gran Canaria","description":"ELE USAL","publisher":{"@id":"https:\/\/grancanaria.eleusal.com\/#organization"},"potentialAction":[{"@type":"SearchAction","target":{"@type":"EntryPoint","urlTemplate":"https:\/\/grancanaria.eleusal.com\/?s={search_term_string}"},"query-input":{"@type":"PropertyValueSpecification","valueRequired":true,"valueName":"search_term_string"}}],"inLanguage":"es"},{"@type":"Organization","@id":"https:\/\/grancanaria.eleusal.com\/#organization","name":"ELE USAL Gran Canaria","url":"https:\/\/grancanaria.eleusal.com\/","logo":{"@type":"ImageObject","inLanguage":"es","@id":"https:\/\/grancanaria.eleusal.com\/#\/schema\/logo\/image\/","url":"https:\/\/grancanaria.eleusal.com\/wp-content\/uploads\/sites\/13\/2019\/10\/ELE-USAL-GranCanaria.png","contentUrl":"https:\/\/grancanaria.eleusal.com\/wp-content\/uploads\/sites\/13\/2019\/10\/ELE-USAL-GranCanaria.png","width":909,"height":45,"caption":"ELE USAL Gran Canaria"},"image":{"@id":"https:\/\/grancanaria.eleusal.com\/#\/schema\/logo\/image\/"},"sameAs":["https:\/\/www.facebook.com\/eleusalgrancanaria\/","https:\/\/x.com\/usal_ele","https:\/\/www.instagram.com\/p\/CDBJYbNiPPu\/"]}]}},"_links":{"self":[{"href":"https:\/\/grancanaria.eleusal.com\/es\/wp-json\/wp\/v2\/pages\/672","targetHints":{"allow":["GET"]}}],"collection":[{"href":"https:\/\/grancanaria.eleusal.com\/es\/wp-json\/wp\/v2\/pages"}],"about":[{"href":"https:\/\/grancanaria.eleusal.com\/es\/wp-json\/wp\/v2\/types\/page"}],"author":[{"embeddable":true,"href":"https:\/\/grancanaria.eleusal.com\/es\/wp-json\/wp\/v2\/users\/1"}],"replies":[{"embeddable":true,"href":"https:\/\/grancanaria.eleusal.com\/es\/wp-json\/wp\/v2\/comments?post=672"}],"version-history":[{"count":10,"href":"https:\/\/grancanaria.eleusal.com\/es\/wp-json\/wp\/v2\/pages\/672\/revisions"}],"predecessor-version":[{"id":1272,"href":"https:\/\/grancanaria.eleusal.com\/es\/wp-json\/wp\/v2\/pages\/672\/revisions\/1272"}],"wp:featuredmedia":[{"embeddable":true,"href":"https:\/\/grancanaria.eleusal.com\/es\/wp-json\/wp\/v2\/media\/1876"}],"wp:attachment":[{"href":"https:\/\/grancanaria.eleusal.com\/es\/wp-json\/wp\/v2\/media?parent=672"}],"curies":[{"name":"wp","href":"https:\/\/api.w.org\/{rel}","templated":true}]}}