{"id":714,"date":"2019-07-18T12:07:01","date_gmt":"2019-07-18T10:07:01","guid":{"rendered":"http:\/\/original.eleusal.com\/?page_id=714"},"modified":"2023-03-02T10:25:11","modified_gmt":"2023-03-02T09:25:11","slug":"home-es","status":"publish","type":"page","link":"https:\/\/grancanaria.eleusal.com\/es\/","title":{"rendered":"Inicio"},"content":{"rendered":"<p>[vc_row css_animation=\u00bb\u00bb row_type=\u00bbrow\u00bb use_row_as_full_screen_section=\u00bbno\u00bb type=\u00bbfull_width\u00bb angled_section=\u00bbno\u00bb text_align=\u00bbleft\u00bb background_image_as_pattern=\u00bbwithout_pattern\u00bb z_index=\u00bb5&#8243; css=\u00bb.vc_custom_1559671034940{background-color: #d22020 !important;}\u00bb][vc_column css=\u00bb.vc_custom_1525095376667{margin-bottom: -3% !important;}\u00bb][vc_column_text]<\/p>\n<h1 class=\"titulo-home\">ELE USAL Gran Canaria. Universidad de Salamanca<\/h1>\n<p>[\/vc_column_text][rev_slider_vc alias=\u00bbhome-slider-es\u00bb][qode_elements_holder number_of_columns=\u00bbone_column\u00bb][qode_elements_holder_item advanced_animations=\u00bbno\u00bb item_padding=\u00bb46px 0 0 0&#8243; item_padding_1280_1440=\u00bb29px 0 0 0&#8243; item_padding_1024_1280=\u00bb29px 0 0 0&#8243; item_padding_768_1024=\u00bb20px 0 0 0&#8243; item_padding_600_768=\u00bb13px 0 0 0&#8243; item_padding_480_600=\u00bb0 0 0 0&#8243; item_padding_480=\u00bb0 0 0 0&#8243;][\/qode_elements_holder_item][\/qode_elements_holder][\/vc_column][\/vc_row][vc_row css_animation=\u00bb\u00bb row_type=\u00bbrow\u00bb use_row_as_full_screen_section=\u00bbno\u00bb type=\u00bbgrid\u00bb angled_section=\u00bbno\u00bb text_align=\u00bbcenter\u00bb background_image_as_pattern=\u00bbwithout_pattern\u00bb padding_bottom=\u00bb39&#8243; css=\u00bb.vc_custom_1526025235376{background-color: #ffffff !important;background-position: center !important;background-repeat: no-repeat !important;background-size: cover !important;}\u00bb z_index=\u00bb4&#8243;][vc_column][vc_empty_space height=\u00bb62px\u00bb][vc_column_text]<\/p>\n<h2>Cursos Populares<\/h2>\n<p>[\/vc_column_text][vc_empty_space height=\u00bb62px\u00bb][vc_column_text]<\/p>\n<h3 style=\"text-align: center\">Los cursos m\u00e1s populares entre los alumnos de ELE USAL Gran Canaria<\/h3>\n<p>[\/vc_column_text][vc_empty_space height=\u00bb62px\u00bb]<div class=\"qode-course-slider-holder\"><div class=\"qode-course-list-holder qode-cl-gallery qode-normal-space qode-cl-three-columns qode-cl-standard qode-cl-pag-no-pagination   qode-nav-dark-skin  qode-pag-below-slider\"  data-number-of-columns=\"3\" data-space-between-items=\"normal\" data-number-of-items=\"-1\" data-enable-image=\"yes\" data-image-proportions=\"full\" data-orderby=\"date\" data-order=\"DESC\" data-item-layout=\"standard\" data-enable-title=\"yes\" data-title-tag=\"h3\" data-enable-instructor=\"yes\" data-enable-price=\"yes\" data-enable-excerpt=\"yes\" data-excerpt-length=\"130\" data-enable-students=\"yes\" data-enable-category=\"yes\" data-pagination-type=\"no-pagination\" data-filter=\"no\" data-enable-article-animation=\"no\" data-course-slider-on=\"yes\" data-enable-loop=\"yes\" data-enable-autoplay=\"yes\" data-slider-speed=\"3000\" data-slider-speed-animation=\"600\" data-enable-navigation=\"yes\" data-navigation-skin=\"dark\" data-enable-pagination=\"no\" data-pagination-position=\"below-slider\" data-widget=\"no\" data-max-num-pages=\"0\" data-next-page=\"2\">\n\t\t<div class=\"qode-cl-inner qode-outer-space qode-owl-slider qode-pl-is-slider clearfix\">\n\t\t<article class=\"qode-cl-item qode-item-space post-7135 course type-course status-publish has-post-thumbnail hentry course-category-cursos-populares\"  data-name=curso-de-espa\u00f1ol-online-de-ele-usal data-date=>\n\t<div class=\"qode-cl-item-inner\">\n\t\t<div class=\"qode-cli-image\">\n\t\t\t<img loading=\"lazy\" decoding=\"async\" width=\"1200\" height=\"500\" src=\"https:\/\/grancanaria.eleusal.com\/wp-content\/uploads\/sites\/13\/2023\/09\/CURSO-ONLINE.png\" class=\"attachment-full size-full wp-post-image\" alt=\"CURSO DE ESPA\u00d1OL ONLINE DE ELE USAL\" srcset=\"https:\/\/grancanaria.eleusal.com\/wp-content\/uploads\/sites\/13\/2023\/09\/CURSO-ONLINE.png 1200w, https:\/\/grancanaria.eleusal.com\/wp-content\/uploads\/sites\/13\/2023\/09\/CURSO-ONLINE-300x125.png 300w, https:\/\/grancanaria.eleusal.com\/wp-content\/uploads\/sites\/13\/2023\/09\/CURSO-ONLINE-1024x427.png 1024w, https:\/\/grancanaria.eleusal.com\/wp-content\/uploads\/sites\/13\/2023\/09\/CURSO-ONLINE-768x320.png 768w, https:\/\/grancanaria.eleusal.com\/wp-content\/uploads\/sites\/13\/2023\/09\/CURSO-ONLINE-700x292.png 700w\" sizes=\"auto, (max-width: 1200px) 100vw, 1200px\" \/>\t<\/div>\n<div class=\"qode-cli-text-holder\">\n\t<div class=\"qode-cli-text-wrapper\">\n\t\t<div class=\"qode-cli-text\">\n\t\t\t<div class=\"qode-cli-top-info\">\n\t\t\t\t<div class=\"qode-ci-price-holder\">\n\t\t\t<span class=\"qode-ci-price-value\">\n          0      <\/span>\n\t<\/div>\n\n\t\t\t\t\t<h3 itemprop=\"name\" class=\"qode-cli-title entry-title\" >\n\t<a itemprop=\"url\" href=\"https:\/\/grancanaria.eleusal.com\/es\/course\/curso-de-espanol-online-de-ele-usal\/\" target=\"_self\">\n\t\tCurso de espa\u00f1ol online de ELE USAL\t<\/a>\n\t<\/h3>\n\t\t\t\t\t\t\n\t\t\t\t<a itemprop=\"url\" href=\"https:\/\/grancanaria.eleusal.com\/es\/course\/curso-de-espanol-online-de-ele-usal\/\" target=\"_self\">\n    <span class=\"qode-instructor-name\">\n       Curso de espa\u00f1ol online de ELE USAL    <\/span>\n<\/a>\n\t\t\t\n\t\t\t<\/div>\n\t\t\t\t<p itemprop=\"description\" class=\"qode-cli-excerpt\">[vc_row css_animation=\u00bb\u00bb row_type=\u00bbrow\u00bb use_row_as_full_screen_section=\u00bbno\u00bb type=\u00bbfull_width\u00bb angled_section=\u00bbno\u00bb text_a<\/p>\n\t\t\t<div class=\"qode-cli-bottom-info\">\n\t\t\t\t\t\t<div class=\"qode-cli-category-holder\">\n\t\t\t<span aria-hidden=\"true\" class=\"qode-category-icon\"><\/span>\n\t\t\t\t\t\t\t<a itemprop=\"url\" class=\"qode-cli-category\" href=\"https:\/\/grancanaria.eleusal.com\/es\/course-category\/cursos-populares\/\">Cursos populares<\/a>\n\t\t\t\t\t<\/div>\n\t\t\t\t\t\n\t\t\t\t<div class=\"qode-students-number-holder\">\n\t<span aria-hidden=\"true\" class=\"dripicons-user qode-student-icon\"><\/span>\n\t<span class=\"qode-student-number\">\n        <\/span>\n<\/div>\n\t\t\t<\/div>\n\t\t<\/div>\n\t<\/div>\n<\/div>\t\t<a itemprop=\"url\" class=\"qode-cli-link qode-block-drag-link\" href=\"https:\/\/grancanaria.eleusal.com\/es\/course\/curso-de-espanol-online-de-ele-usal\/\" target=\"_self\"><\/a>\n\t<\/div>\n<\/article><article class=\"qode-cl-item qode-item-space post-5568 course type-course status-publish has-post-thumbnail hentry course-category-cursos-populares course-tag-spanishcourse\"  data-name=packs-grupos-+-actividades data-date=>\n\t<div class=\"qode-cl-item-inner\">\n\t\t<div class=\"qode-cli-image\">\n\t\t\t<img loading=\"lazy\" decoding=\"async\" width=\"1200\" height=\"815\" src=\"https:\/\/grancanaria.eleusal.com\/wp-content\/uploads\/sites\/13\/2018\/05\/event-15.jpg\" class=\"attachment-full size-full wp-post-image\" alt=\"\" \/>\t<\/div>\n<div class=\"qode-cli-text-holder\">\n\t<div class=\"qode-cli-text-wrapper\">\n\t\t<div class=\"qode-cli-text\">\n\t\t\t<div class=\"qode-cli-top-info\">\n\t\t\t\t<div class=\"qode-ci-price-holder\">\n\t\t\t<span class=\"qode-ci-price-value\">\n          0      <\/span>\n\t<\/div>\n\n\t\t\t\t\t<h3 itemprop=\"name\" class=\"qode-cli-title entry-title\" >\n\t<a itemprop=\"url\" href=\"https:\/\/grancanaria.eleusal.com\/es\/course\/packs-grupos-actividades\/\" target=\"_self\">\n\t\tPACKS GRUPOS + ACTIVIDADES\t<\/a>\n\t<\/h3>\n\t\t\t\t\t\t\n\t\t\t\t<a itemprop=\"url\" href=\"https:\/\/grancanaria.eleusal.com\/es\/course\/packs-grupos-actividades\/\" target=\"_self\">\n    <span class=\"qode-instructor-name\">\n       PACKS GRUPOS + ACTIVIDADES    <\/span>\n<\/a>\n\t\t\t\n\t\t\t<\/div>\n\t\t\t\t<p itemprop=\"description\" class=\"qode-cli-excerpt\">Aprende espa\u00f1ol y sum\u00e9rgete en su cultura con este pack para grupos con actividades. Las clases se imparten de lunes a viernes, <\/p>\n\t\t\t<div class=\"qode-cli-bottom-info\">\n\t\t\t\t\t\t<div class=\"qode-cli-category-holder\">\n\t\t\t<span aria-hidden=\"true\" class=\"qode-category-icon\"><\/span>\n\t\t\t\t\t\t\t<a itemprop=\"url\" class=\"qode-cli-category\" href=\"https:\/\/grancanaria.eleusal.com\/es\/course-category\/cursos-populares\/\">Cursos populares<\/a>\n\t\t\t\t\t<\/div>\n\t\t\t\t\t\n\t\t\t\t<div class=\"qode-students-number-holder\">\n\t<span aria-hidden=\"true\" class=\"dripicons-user qode-student-icon\"><\/span>\n\t<span class=\"qode-student-number\">\n        <\/span>\n<\/div>\n\t\t\t<\/div>\n\t\t<\/div>\n\t<\/div>\n<\/div>\t\t<a itemprop=\"url\" class=\"qode-cli-link qode-block-drag-link\" href=\"https:\/\/grancanaria.eleusal.com\/es\/course\/packs-grupos-actividades\/\" target=\"_self\"><\/a>\n\t<\/div>\n<\/article><article class=\"qode-cl-item qode-item-space post-5566 course type-course status-publish has-post-thumbnail hentry course-category-cursos-populares course-tag-spanishcourse\"  data-name=clases-privadas data-date=>\n\t<div class=\"qode-cl-item-inner\">\n\t\t<div class=\"qode-cli-image\">\n\t\t\t<img loading=\"lazy\" decoding=\"async\" width=\"700\" height=\"423\" src=\"https:\/\/grancanaria.eleusal.com\/wp-content\/uploads\/sites\/13\/2023\/02\/curso_videoconferencia-700x423-1.jpg\" class=\"attachment-full size-full wp-post-image\" alt=\"\" srcset=\"https:\/\/grancanaria.eleusal.com\/wp-content\/uploads\/sites\/13\/2023\/02\/curso_videoconferencia-700x423-1.jpg 700w, https:\/\/grancanaria.eleusal.com\/wp-content\/uploads\/sites\/13\/2023\/02\/curso_videoconferencia-700x423-1-300x181.jpg 300w\" sizes=\"auto, (max-width: 700px) 100vw, 700px\" \/>\t<\/div>\n<div class=\"qode-cli-text-holder\">\n\t<div class=\"qode-cli-text-wrapper\">\n\t\t<div class=\"qode-cli-text\">\n\t\t\t<div class=\"qode-cli-top-info\">\n\t\t\t\t<div class=\"qode-ci-price-holder\">\n\t\t\t<span class=\"qode-ci-price-value\">\n          0      <\/span>\n\t<\/div>\n\n\t\t\t\t\t<h3 itemprop=\"name\" class=\"qode-cli-title entry-title\" >\n\t<a itemprop=\"url\" href=\"https:\/\/grancanaria.eleusal.com\/es\/course\/clases-privadas\/\" target=\"_self\">\n\t\tCLASES PRIVADAS\t<\/a>\n\t<\/h3>\n\t\t\t\t\t\t\n\t\t\t\t<a itemprop=\"url\" href=\"https:\/\/grancanaria.eleusal.com\/es\/course\/clases-privadas\/\" target=\"_self\">\n    <span class=\"qode-instructor-name\">\n       CLASES PRIVADAS    <\/span>\n<\/a>\n\t\t\t\n\t\t\t<\/div>\n\t\t\t\t<p itemprop=\"description\" class=\"qode-cli-excerpt\">[vc_row css_animation=\u00bb\u00bb row_type=\u00bbrow\u00bb use_row_as_full_screen_section=\u00bbno\u00bb type=\u00bbfull_width\u00bb angled_section=\u00bbno\u00bb text_a<\/p>\n\t\t\t<div class=\"qode-cli-bottom-info\">\n\t\t\t\t\t\t<div class=\"qode-cli-category-holder\">\n\t\t\t<span aria-hidden=\"true\" class=\"qode-category-icon\"><\/span>\n\t\t\t\t\t\t\t<a itemprop=\"url\" class=\"qode-cli-category\" href=\"https:\/\/grancanaria.eleusal.com\/es\/course-category\/cursos-populares\/\">Cursos populares<\/a>\n\t\t\t\t\t<\/div>\n\t\t\t\t\t\n\t\t\t\t<div class=\"qode-students-number-holder\">\n\t<span aria-hidden=\"true\" class=\"dripicons-user qode-student-icon\"><\/span>\n\t<span class=\"qode-student-number\">\n        <\/span>\n<\/div>\n\t\t\t<\/div>\n\t\t<\/div>\n\t<\/div>\n<\/div>\t\t<a itemprop=\"url\" class=\"qode-cli-link qode-block-drag-link\" href=\"https:\/\/grancanaria.eleusal.com\/es\/course\/clases-privadas\/\" target=\"_self\"><\/a>\n\t<\/div>\n<\/article><article class=\"qode-cl-item qode-item-space post-5564 course type-course status-publish has-post-thumbnail hentry course-category-cursos-populares course-tag-spanishcourse\"  data-name=preparaci\u00d3n-dele-gran-canaria data-date=>\n\t<div class=\"qode-cl-item-inner\">\n\t\t<div class=\"qode-cli-image\">\n\t\t\t<img loading=\"lazy\" decoding=\"async\" width=\"1200\" height=\"815\" src=\"https:\/\/grancanaria.eleusal.com\/wp-content\/uploads\/sites\/13\/2018\/05\/event-3.jpg\" class=\"attachment-full size-full wp-post-image\" alt=\"\" \/>\t<\/div>\n<div class=\"qode-cli-text-holder\">\n\t<div class=\"qode-cli-text-wrapper\">\n\t\t<div class=\"qode-cli-text\">\n\t\t\t<div class=\"qode-cli-top-info\">\n\t\t\t\t<div class=\"qode-ci-price-holder\">\n\t\t\t<span class=\"qode-ci-price-value\">\n          0      <\/span>\n\t<\/div>\n\n\t\t\t\t\t<h3 itemprop=\"name\" class=\"qode-cli-title entry-title\" >\n\t<a itemprop=\"url\" href=\"https:\/\/grancanaria.eleusal.com\/es\/course\/preparacion-dele\/\" target=\"_self\">\n\t\tPREPARACI\u00d3N DELE Gran Canaria\t<\/a>\n\t<\/h3>\n\t\t\t\t\t\t\n\t\t\t\t<a itemprop=\"url\" href=\"https:\/\/grancanaria.eleusal.com\/es\/course\/preparacion-dele\/\" target=\"_self\">\n    <span class=\"qode-instructor-name\">\n       PREPARACI\u00d3N DELE Gran Canaria    <\/span>\n<\/a>\n\t\t\t\n\t\t\t<\/div>\n\t\t\t\t<p itemprop=\"description\" class=\"qode-cli-excerpt\">Curso DELE A2 en Gran Canaria Niveles A2. El DELE es un t\u00edtulo oficial acreditativo del dominio del Espa\u00f1ol que otorga el Instit<\/p>\n\t\t\t<div class=\"qode-cli-bottom-info\">\n\t\t\t\t\t\t<div class=\"qode-cli-category-holder\">\n\t\t\t<span aria-hidden=\"true\" class=\"qode-category-icon\"><\/span>\n\t\t\t\t\t\t\t<a itemprop=\"url\" class=\"qode-cli-category\" href=\"https:\/\/grancanaria.eleusal.com\/es\/course-category\/cursos-populares\/\">Cursos populares<\/a>\n\t\t\t\t\t<\/div>\n\t\t\t\t\t\n\t\t\t\t<div class=\"qode-students-number-holder\">\n\t<span aria-hidden=\"true\" class=\"dripicons-user qode-student-icon\"><\/span>\n\t<span class=\"qode-student-number\">\n        <\/span>\n<\/div>\n\t\t\t<\/div>\n\t\t<\/div>\n\t<\/div>\n<\/div>\t\t<a itemprop=\"url\" class=\"qode-cli-link qode-block-drag-link\" href=\"https:\/\/grancanaria.eleusal.com\/es\/course\/preparacion-dele\/\" target=\"_self\"><\/a>\n\t<\/div>\n<\/article><article class=\"qode-cl-item qode-item-space post-5562 course type-course status-publish has-post-thumbnail hentry course-category-cursos-populares course-tag-spanishcourse\"  data-name=curso-profesores-ele-130-horas-asincronico data-date=>\n\t<div class=\"qode-cl-item-inner\">\n\t\t<div class=\"qode-cli-image\">\n\t\t\t<img loading=\"lazy\" decoding=\"async\" width=\"650\" height=\"325\" src=\"https:\/\/grancanaria.eleusal.com\/wp-content\/uploads\/sites\/13\/2023\/02\/ELE-USAL-GC-4-copia.jpg\" class=\"attachment-full size-full wp-post-image\" alt=\"\" srcset=\"https:\/\/grancanaria.eleusal.com\/wp-content\/uploads\/sites\/13\/2023\/02\/ELE-USAL-GC-4-copia.jpg 650w, https:\/\/grancanaria.eleusal.com\/wp-content\/uploads\/sites\/13\/2023\/02\/ELE-USAL-GC-4-copia-300x150.jpg 300w\" sizes=\"auto, (max-width: 650px) 100vw, 650px\" \/>\t<\/div>\n<div class=\"qode-cli-text-holder\">\n\t<div class=\"qode-cli-text-wrapper\">\n\t\t<div class=\"qode-cli-text\">\n\t\t\t<div class=\"qode-cli-top-info\">\n\t\t\t\t<div class=\"qode-ci-price-holder\">\n\t\t\t<span class=\"qode-ci-price-value\">\n          0      <\/span>\n\t<\/div>\n\n\t\t\t\t\t<h3 itemprop=\"name\" class=\"qode-cli-title entry-title\" >\n\t<a itemprop=\"url\" href=\"https:\/\/grancanaria.eleusal.com\/es\/course\/curso-profesores-ele\/\" target=\"_self\">\n\t\tCURSO PROFESORES ELE 130 HORAS ASINCRONICO\t<\/a>\n\t<\/h3>\n\t\t\t\t\t\t\n\t\t\t\t<a itemprop=\"url\" href=\"https:\/\/grancanaria.eleusal.com\/es\/course\/curso-profesores-ele\/\" target=\"_self\">\n    <span class=\"qode-instructor-name\">\n       CURSO PROFESORES ELE 130 HORAS ASINCRONICO    <\/span>\n<\/a>\n\t\t\t\n\t\t\t<\/div>\n\t\t\t\t<p itemprop=\"description\" class=\"qode-cli-excerpt\">Curso as\u00edncr\u00f3nico de la Universidad de Salamanca. 130 horas. Los cursos de formaci\u00f3n de profesores de Espa\u00f1ol como Lengua Extr<\/p>\n\t\t\t<div class=\"qode-cli-bottom-info\">\n\t\t\t\t\t\t<div class=\"qode-cli-category-holder\">\n\t\t\t<span aria-hidden=\"true\" class=\"qode-category-icon\"><\/span>\n\t\t\t\t\t\t\t<a itemprop=\"url\" class=\"qode-cli-category\" href=\"https:\/\/grancanaria.eleusal.com\/es\/course-category\/cursos-populares\/\">Cursos populares<\/a>\n\t\t\t\t\t<\/div>\n\t\t\t\t\t\n\t\t\t\t<div class=\"qode-students-number-holder\">\n\t<span aria-hidden=\"true\" class=\"dripicons-user qode-student-icon\"><\/span>\n\t<span class=\"qode-student-number\">\n        <\/span>\n<\/div>\n\t\t\t<\/div>\n\t\t<\/div>\n\t<\/div>\n<\/div>\t\t<a itemprop=\"url\" class=\"qode-cli-link qode-block-drag-link\" href=\"https:\/\/grancanaria.eleusal.com\/es\/course\/curso-profesores-ele\/\" target=\"_self\"><\/a>\n\t<\/div>\n<\/article><article class=\"qode-cl-item qode-item-space post-5561 course type-course status-publish has-post-thumbnail hentry course-category-cursos-populares course-tag-spanishcourse\"  data-name=curso-intensivo-20h data-date=>\n\t<div class=\"qode-cl-item-inner\">\n\t\t<div class=\"qode-cli-image\">\n\t\t\t<img loading=\"lazy\" decoding=\"async\" width=\"1200\" height=\"815\" src=\"https:\/\/grancanaria.eleusal.com\/wp-content\/uploads\/sites\/13\/2018\/05\/event-1.jpg\" class=\"attachment-full size-full wp-post-image\" alt=\"\" \/>\t<\/div>\n<div class=\"qode-cli-text-holder\">\n\t<div class=\"qode-cli-text-wrapper\">\n\t\t<div class=\"qode-cli-text\">\n\t\t\t<div class=\"qode-cli-top-info\">\n\t\t\t\t<div class=\"qode-ci-price-holder\">\n\t\t\t<span class=\"qode-ci-price-value\">\n          0      <\/span>\n\t<\/div>\n\n\t\t\t\t\t<h3 itemprop=\"name\" class=\"qode-cli-title entry-title\" >\n\t<a itemprop=\"url\" href=\"https:\/\/grancanaria.eleusal.com\/es\/course\/curso-intensivo-20h\/\" target=\"_self\">\n\t\tCURSO INTENSIVO 20H\t<\/a>\n\t<\/h3>\n\t\t\t\t\t\t\n\t\t\t\t<a itemprop=\"url\" href=\"https:\/\/grancanaria.eleusal.com\/es\/course\/curso-intensivo-20h\/\" target=\"_self\">\n    <span class=\"qode-instructor-name\">\n       CURSO INTENSIVO 20H    <\/span>\n<\/a>\n\t\t\t\n\t\t\t<\/div>\n\t\t\t\t<p itemprop=\"description\" class=\"qode-cli-excerpt\">Curso de espa\u00f1ol intensivo con el doble de aprendizaje. Todas nuestras clases siguen un enfoque comunicativo y est\u00e1n basadas en <\/p>\n\t\t\t<div class=\"qode-cli-bottom-info\">\n\t\t\t\t\t\t<div class=\"qode-cli-category-holder\">\n\t\t\t<span aria-hidden=\"true\" class=\"qode-category-icon\"><\/span>\n\t\t\t\t\t\t\t<a itemprop=\"url\" class=\"qode-cli-category\" href=\"https:\/\/grancanaria.eleusal.com\/es\/course-category\/cursos-populares\/\">Cursos populares<\/a>\n\t\t\t\t\t<\/div>\n\t\t\t\t\t\n\t\t\t\t<div class=\"qode-students-number-holder\">\n\t<span aria-hidden=\"true\" class=\"dripicons-user qode-student-icon\"><\/span>\n\t<span class=\"qode-student-number\">\n        <\/span>\n<\/div>\n\t\t\t<\/div>\n\t\t<\/div>\n\t<\/div>\n<\/div>\t\t<a itemprop=\"url\" class=\"qode-cli-link qode-block-drag-link\" href=\"https:\/\/grancanaria.eleusal.com\/es\/course\/curso-intensivo-20h\/\" target=\"_self\"><\/a>\n\t<\/div>\n<\/article><article class=\"qode-cl-item qode-item-space post-5556 course type-course status-publish has-post-thumbnail hentry course-category-cursos-ele course-category-cursos-populares course-tag-spanishcourse\"  data-name=curso-intensivo-10h data-date=>\n\t<div class=\"qode-cl-item-inner\">\n\t\t<div class=\"qode-cli-image\">\n\t\t\t<img loading=\"lazy\" decoding=\"async\" width=\"1200\" height=\"727\" src=\"https:\/\/grancanaria.eleusal.com\/wp-content\/uploads\/sites\/13\/2018\/04\/blog-1-1.jpg\" class=\"attachment-full size-full wp-post-image\" alt=\"\" \/>\t<\/div>\n<div class=\"qode-cli-text-holder\">\n\t<div class=\"qode-cli-text-wrapper\">\n\t\t<div class=\"qode-cli-text\">\n\t\t\t<div class=\"qode-cli-top-info\">\n\t\t\t\t<div class=\"qode-ci-price-holder\">\n\t\t\t<span class=\"qode-ci-price-value\">\n          0      <\/span>\n\t<\/div>\n\n\t\t\t\t\t<h3 itemprop=\"name\" class=\"qode-cli-title entry-title\" >\n\t<a itemprop=\"url\" href=\"https:\/\/grancanaria.eleusal.com\/es\/course\/curso-intensivo-10h\/\" target=\"_self\">\n\t\tCURSO INTENSIVO 10H\t<\/a>\n\t<\/h3>\n\t\t\t\t\t\t\n\t\t\t\t<a itemprop=\"url\" href=\"https:\/\/grancanaria.eleusal.com\/es\/course\/curso-intensivo-10h\/\" target=\"_self\">\n    <span class=\"qode-instructor-name\">\n       CURSO INTENSIVO 10H    <\/span>\n<\/a>\n\t\t\t\n\t\t\t<\/div>\n\t\t\t\t<p itemprop=\"description\" class=\"qode-cli-excerpt\">Curso de espa\u00f1ol intensivo destinado a extranjeros que quieren mejorar su espa\u00f1ol de forma r\u00e1pida y con poco esfuerzo. No es ne<\/p>\n\t\t\t<div class=\"qode-cli-bottom-info\">\n\t\t\t\t\t\t<div class=\"qode-cli-category-holder\">\n\t\t\t<span aria-hidden=\"true\" class=\"qode-category-icon\"><\/span>\n\t\t\t\t\t\t\t<a itemprop=\"url\" class=\"qode-cli-category\" href=\"https:\/\/grancanaria.eleusal.com\/es\/course-category\/cursos-ele\/\">Cursos ELE<\/a>\n\t\t\t\t\t\t\t<a itemprop=\"url\" class=\"qode-cli-category\" href=\"https:\/\/grancanaria.eleusal.com\/es\/course-category\/cursos-populares\/\">Cursos populares<\/a>\n\t\t\t\t\t<\/div>\n\t\t\t\t\t\n\t\t\t\t<div class=\"qode-students-number-holder\">\n\t<span aria-hidden=\"true\" class=\"dripicons-user qode-student-icon\"><\/span>\n\t<span class=\"qode-student-number\">\n        <\/span>\n<\/div>\n\t\t\t<\/div>\n\t\t<\/div>\n\t<\/div>\n<\/div>\t\t<a itemprop=\"url\" class=\"qode-cli-link qode-block-drag-link\" href=\"https:\/\/grancanaria.eleusal.com\/es\/course\/curso-intensivo-10h\/\" target=\"_self\"><\/a>\n\t<\/div>\n<\/article>\t<\/div>\n\t\n\t<\/div><\/div>[\/vc_column][vc_column][\/vc_column][\/vc_row][vc_row css_animation=\u00bb\u00bb row_type=\u00bbrow\u00bb use_row_as_full_screen_section=\u00bbno\u00bb type=\u00bbfull_width\u00bb angled_section=\u00bbno\u00bb text_align=\u00bbleft\u00bb background_image_as_pattern=\u00bbwithout_pattern\u00bb padding_bottom=\u00bb120&#8243; z_index=\u00bb6&#8243; css=\u00bb.vc_custom_1562667364656{background-color: #ffffff !important;}\u00bb][vc_column][\/vc_column][\/vc_row][vc_row css_animation=\u00bb\u00bb row_type=\u00bbrow\u00bb use_row_as_full_screen_section=\u00bbno\u00bb type=\u00bbgrid\u00bb angled_section=\u00bbno\u00bb text_align=\u00bbcenter\u00bb background_image_as_pattern=\u00bbwithout_pattern\u00bb padding_bottom=\u00bb30&#8243; z_index=\u00bb\u00bb css=\u00bb.vc_custom_1559300747593{padding-bottom: 100px !important;background-color: #ffffff !important;}\u00bb][vc_column width=\u00bb1\/4&#8243;]<div class='q_icon_with_title large custom_icon_image center '><div class=\"icon_holder \" style=\" \"><img decoding=\"async\" itemprop=\"image\" style=\"\" src=\"https:\/\/grancanaria.eleusal.com\/wp-content\/uploads\/sites\/13\/2018\/05\/event-12.jpg\" alt=\"\"><\/div><div class=\"icon_text_holder\" style=\"\"><div class=\"icon_text_inner\" style=\"\"><h4 class=\"icon_title\" style=\"\">Tutores con titulaci\u00f3n de Salamanca especializados en la ense\u00f1anza de espa\u00f1ol<\/h4><p style='color: #7c7c7c'><\/p><\/div><\/div><\/div>[\/vc_column][vc_column width=\u00bb1\/4&#8243;]<div class='q_icon_with_title large custom_icon_image center '><div class=\"icon_holder \" style=\" \"><img decoding=\"async\" itemprop=\"image\" style=\"\" src=\"https:\/\/grancanaria.eleusal.com\/wp-content\/uploads\/sites\/13\/2022\/02\/unnamed-scaled.jpg\" alt=\"\"><\/div><div class=\"icon_text_holder\" style=\"\"><div class=\"icon_text_inner\" style=\"\"><h4 class=\"icon_title\" style=\"\">Aula con ordenadores con conexi\u00f3n a internet<\/h4><p style='color: #7c7c7c'><\/p><\/div><\/div><\/div>[\/vc_column][vc_column width=\u00bb1\/4&#8243;]<div class='q_icon_with_title large custom_icon_image center '><div class=\"icon_holder \" style=\" \"><img decoding=\"async\" itemprop=\"image\" style=\"\" src=\"https:\/\/grancanaria.eleusal.com\/wp-content\/uploads\/sites\/13\/2019\/09\/ELE-USAL-Estepona-4.jpg\" alt=\"\"><\/div><div class=\"icon_text_holder\" style=\"\"><div class=\"icon_text_inner\" style=\"\"><h4 class=\"icon_title\" style=\"\">Zona de descanso con bebidas<\/h4><p style='color: #7c7c7c'><\/p><\/div><\/div><\/div>[\/vc_column][vc_column width=\u00bb1\/4&#8243;]<div class='q_icon_with_title large custom_icon_image center '><div class=\"icon_holder \" style=\" \"><img decoding=\"async\" itemprop=\"image\" style=\"\" src=\"https:\/\/grancanaria.eleusal.com\/wp-content\/uploads\/sites\/13\/2018\/04\/courses-2.jpg\" alt=\"\"><\/div><div class=\"icon_text_holder\" style=\"\"><div class=\"icon_text_inner\" style=\"\"><h4 class=\"icon_title\" style=\"\">Aulas acomodadas para grupos, con ordenadores y pizarra<\/h4><p style='color: #7c7c7c'><\/p><\/div><\/div><\/div>[\/vc_column][\/vc_row][vc_row css_animation=\u00bb\u00bb row_type=\u00bbrow\u00bb use_row_as_full_screen_section=\u00bbno\u00bb type=\u00bbgrid\u00bb angled_section=\u00bbno\u00bb text_align=\u00bbleft\u00bb background_image_as_pattern=\u00bbwithout_pattern\u00bb padding_bottom=\u00bb120&#8243; z_index=\u00bb6&#8243; css=\u00bb.vc_custom_1562667328589{background-color: #ffffff !important;}\u00bb][vc_column][vc_row_inner row_type=\u00bbrow\u00bb type=\u00bbfull_width\u00bb text_align=\u00bbleft\u00bb css_animation=\u00bb\u00bb][vc_column_inner css=\u00bb.vc_custom_1572958826884{margin-bottom: 50px !important;}\u00bb][vc_column_text]<\/p>\n<h2 style=\"text-align: center\">\u00a1S\u00edguenos!<\/h2>\n<p>[\/vc_column_text][vc_empty_space][\/vc_column_inner][\/vc_row_inner][vc_row_inner row_type=\u00bbrow\u00bb type=\u00bbgrid\u00bb text_align=\u00bbleft\u00bb css_animation=\u00bb\u00bb][vc_column_inner width=\u00bb1\/3&#8243;]<div class='q_icon_with_title large normal_icon center '><div class=\"icon_holder \" style=\" \"><span data-icon-type=\"normal\"   style=\"\" class=\"qode_iwt_icon_holder q_font_awsome_icon fa-4x  \"><i class=\"qode_icon_font_awesome fa fa-twitter qode_iwt_icon_element\" style=\"color: #1e73be;\" ><\/i><\/span><\/div><div class=\"icon_text_holder\" style=\"\"><div class=\"icon_text_inner\" style=\"\"><h5 class=\"icon_title\" style=\"\"><\/h5><p style=''><\/p><a itemprop='url' class='icon_with_title_link' href='https:\/\/twitter.com\/usal_ele' target='_self' style='color: #1e73be;'>TWITTER<\/a><\/div><\/div><\/div>[vc_raw_html][\/vc_raw_html][\/vc_column_inner][vc_column_inner width=\u00bb1\/3&#8243;]<div class='q_icon_with_title large normal_icon center '><div class=\"icon_holder \" style=\" \"><a itemprop=\"url\" href=\"https:\/\/www.instagram.com\/eleusalgrancanaria\/\" target=\"\" class=\"q_icon_link\"><span data-icon-type=\"normal\"   style=\"\" class=\"qode_iwt_icon_holder q_font_awsome_icon fa-4x  \"><i class=\"qode_icon_font_awesome fa fa-instagram qode_iwt_icon_element\" style=\"\" ><\/i><\/span><\/a><\/div><div class=\"icon_text_holder\" style=\"\"><div class=\"icon_text_inner\" style=\"\"><h5 class=\"icon_title\" style=\"\"><\/h5><p style=''><\/p><a itemprop='url' class='icon_with_title_link' href='https:\/\/www.instagram.com\/eleusalgrancanaria\/' target='_self' style=''>INSTAGRAM<\/a><\/div><\/div><\/div>[vc_raw_html][\/vc_raw_html][\/vc_column_inner][vc_column_inner width=\u00bb1\/3&#8243;]<div class='q_icon_with_title large normal_icon center '><div class=\"icon_holder \" style=\" \"><span data-icon-type=\"normal\"  data-icon-hover-color=\"#1e73be\" style=\"\" class=\"qode_iwt_icon_holder q_font_awsome_icon fa-4x  \"><i class=\"qode_icon_font_awesome fa fa-facebook qode_iwt_icon_element\" style=\"color: #1e73be;\" ><\/i><\/span><\/div><div class=\"icon_text_holder\" style=\"\"><div class=\"icon_text_inner\" style=\"\"><h5 class=\"icon_title\" style=\"\"><\/h5><p style=''><\/p><a itemprop='url' class='icon_with_title_link' href='https:\/\/www.facebook.com\/eleusalgrancanaria' target='_self' style='color: #1e73be;'>FACEBOOK<\/a><\/div><\/div><\/div>[vc_raw_html]JTBBJTBB[\/vc_raw_html][\/vc_column_inner][\/vc_row_inner][\/vc_column][\/vc_row][vc_row css_animation=\u00bb\u00bb row_type=\u00bbrow\u00bb use_row_as_full_screen_section=\u00bbno\u00bb type=\u00bbgrid\u00bb angled_section=\u00bbno\u00bb text_align=\u00bbcenter\u00bb background_image_as_pattern=\u00bbwithout_pattern\u00bb padding_top=\u00bb143&#8243; padding_bottom=\u00bb94&#8243; z_index=\u00bb5&#8243; css=\u00bb.vc_custom_1525961763455{background-image: url(http:\/\/bridge231.qodeinteractive.com\/wp-content\/uploads\/2018\/05\/home-background-4-1.png?id=432) !important;background-position: center !important;background-repeat: no-repeat !important;background-size: cover !important;}\u00bb][vc_column css=\u00bb.vc_custom_1525961830607{margin-top: -1% !important;}\u00bb][vc_column_text]<\/p>\n<h2>Los mejores tutores<\/h2>\n<p>[\/vc_column_text][vc_empty_space height=\u00bb24px\u00bb]<div class=\"qode-instructor-list-holder qode-large-space qode-tl-two-columns\">\n\t<div class=\"qode-tl-inner qode-outer-space\" data-number-of-items=\"2\" data-enable-navigation=\"no\" data-enable-pagination=\"no\">\n\t\t<div class=\"qode-instructor qode-item-space info-bellow\">\n\t<div class=\"qode-instructor-inner\">\n\t\t\t\t\t<div class=\"qode-instructor-image\">\n\t\t\t\t<a itemprop=\"url\" href=\"https:\/\/grancanaria.eleusal.com\/es\/instructor\/jose-luis-artiles\/\">\n\t\t\t\t\t<img loading=\"lazy\" decoding=\"async\" width=\"150\" height=\"150\" src=\"https:\/\/grancanaria.eleusal.com\/wp-content\/uploads\/sites\/13\/2018\/04\/IMG_2763-150x150.jpg\" class=\"attachment-thumbnail size-thumbnail wp-post-image\" alt=\"Jose Luis Artiles\" srcset=\"https:\/\/grancanaria.eleusal.com\/wp-content\/uploads\/sites\/13\/2018\/04\/IMG_2763-150x150.jpg 150w, https:\/\/grancanaria.eleusal.com\/wp-content\/uploads\/sites\/13\/2018\/04\/IMG_2763-570x570.jpg 570w, https:\/\/grancanaria.eleusal.com\/wp-content\/uploads\/sites\/13\/2018\/04\/IMG_2763-500x500.jpg 500w, https:\/\/grancanaria.eleusal.com\/wp-content\/uploads\/sites\/13\/2018\/04\/IMG_2763-1000x1000.jpg 1000w\" sizes=\"auto, (max-width: 150px) 100vw, 150px\" \/>\t\t\t\t<\/a>\n\t\t\t<\/div>\n\t\t\t\t<div class=\"qode-instructor-info\">\n\t\t\t<div class=\"qode-instructor-title-holder\">\n\t\t\t\t<h3 itemprop=\"name\" class=\"qode-instructor-name entry-title\">\n\t\t\t\t\t<a itemprop=\"url\" href=\"https:\/\/grancanaria.eleusal.com\/es\/instructor\/jose-luis-artiles\/\">Jos\u00e9 Luis Art\u00edles Ram\u00edrez<\/a>\n\t\t\t\t<\/h3>\n\t\t\t\t\n\t\t\t\t\t\t\t\t\t<h6 class=\"qode-instructor-position\">CEO<\/h6>\n\t\t\t\t\t\t\t<\/div>\n\t\t\t\t\t\t\t<div class=\"qode-instructor-text\">\n\t\t\t\t\t<div class=\"qode-instructor-text-inner\">\n\t\t\t\t\t\t<div class=\"qode-instructor-description\">\n\t\t\t\t\t\t\t<p itemprop=\"description\" class=\"qode-instructor-excerpt\">[vc_row css_animation=\u00bb\u00bb row_type=\u00bbrow\u00bb use_row_as_full_screen_section=\u00bbno\u00bb type=\u00bbfull_width\u00bb angled_section=\u00bbno\u00bb text_align=\u00bbleft\u00bb background_image_as_pattern=\u00bbwithout_pattern\u00bb z_index=\u00bb\u00bb][vc_column width=\u00bb2\/3&#8243;][qode_elements_holder number_of_columns=\u00bbone_column\u00bb][qode_elements_holder_item advanced_animations=\u00bbno\u00bb item_padding=\u00bb0px 29px 0 17px\u00bb][vc_separator type=\u00bbtransparent\u00bb up=\u00bb-15&#8243;][vc_empty_space height=\u00bb14px\u00bb][vc_column_text]Formaci\u00f3n Diplomado en Ciencias Empresariales por la Universidad de Las Palmas de Gran Canaria. Licenciado en Business Administration por la University of Mary Hardin-Baylor,Texas,USA. Master en Comercio...<\/p>\n\t\t\t\t\t\t<\/div>\n\t\t\t\t\t<\/div>\n\t\t\t\t<\/div>\n\t\t\t\t\t\t<div class=\"qode-instructor-social-holder-between\">\n\t\t\t\t<div class=\"qode-instructor-social\">\n\t\t\t\t\t<div class=\"qode-instructor-social-inner\">\n\t\t\t\t\t\t<div class=\"qode-instructor-social-wrapp\">\n\t\t\t\t\t\t\t\t\t\t\t\t\t<\/div>\n\t\t\t\t\t<\/div>\n\t\t\t\t<\/div>\n\t\t\t<\/div>\n\t\t<\/div>\n\t<\/div>\n<\/div><div class=\"qode-instructor qode-item-space info-bellow\">\n\t<div class=\"qode-instructor-inner\">\n\t\t\t\t\t<div class=\"qode-instructor-image\">\n\t\t\t\t<a itemprop=\"url\" href=\"https:\/\/grancanaria.eleusal.com\/es\/instructor\/amanda-tough\/\">\n\t\t\t\t\t<img loading=\"lazy\" decoding=\"async\" width=\"150\" height=\"150\" src=\"https:\/\/grancanaria.eleusal.com\/wp-content\/uploads\/sites\/13\/2018\/04\/Amanda-Tough-150x150.jpg\" class=\"attachment-thumbnail size-thumbnail wp-post-image\" alt=\"\" srcset=\"https:\/\/grancanaria.eleusal.com\/wp-content\/uploads\/sites\/13\/2018\/04\/Amanda-Tough-150x150.jpg 150w, https:\/\/grancanaria.eleusal.com\/wp-content\/uploads\/sites\/13\/2018\/04\/Amanda-Tough-570x570.jpg 570w, https:\/\/grancanaria.eleusal.com\/wp-content\/uploads\/sites\/13\/2018\/04\/Amanda-Tough-500x500.jpg 500w, https:\/\/grancanaria.eleusal.com\/wp-content\/uploads\/sites\/13\/2018\/04\/Amanda-Tough-1000x1000.jpg 1000w, https:\/\/grancanaria.eleusal.com\/wp-content\/uploads\/sites\/13\/2018\/04\/Amanda-Tough-300x300.jpg 300w, https:\/\/grancanaria.eleusal.com\/wp-content\/uploads\/sites\/13\/2018\/04\/Amanda-Tough-100x100.jpg 100w\" sizes=\"auto, (max-width: 150px) 100vw, 150px\" \/>\t\t\t\t<\/a>\n\t\t\t<\/div>\n\t\t\t\t<div class=\"qode-instructor-info\">\n\t\t\t<div class=\"qode-instructor-title-holder\">\n\t\t\t\t<h3 itemprop=\"name\" class=\"qode-instructor-name entry-title\">\n\t\t\t\t\t<a itemprop=\"url\" href=\"https:\/\/grancanaria.eleusal.com\/es\/instructor\/amanda-tough\/\">Amanda Tough<\/a>\n\t\t\t\t<\/h3>\n\t\t\t\t\n\t\t\t\t\t\t\t\t\t<h6 class=\"qode-instructor-position\">Directora General<\/h6>\n\t\t\t\t\t\t\t<\/div>\n\t\t\t\t\t\t\t<div class=\"qode-instructor-text\">\n\t\t\t\t\t<div class=\"qode-instructor-text-inner\">\n\t\t\t\t\t\t<div class=\"qode-instructor-description\">\n\t\t\t\t\t\t\t<p itemprop=\"description\" class=\"qode-instructor-excerpt\">[vc_row css_animation=\u00bb\u00bb row_type=\u00bbrow\u00bb use_row_as_full_screen_section=\u00bbno\u00bb type=\u00bbfull_width\u00bb angled_section=\u00bbno\u00bb text_align=\u00bbleft\u00bb background_image_as_pattern=\u00bbwithout_pattern\u00bb z_index=\u00bb\u00bb][vc_column width=\u00bb2\/3&#8243;][qode_elements_holder number_of_columns=\u00bbone_column\u00bb][qode_elements_holder_item advanced_animations=\u00bbno\u00bb item_padding=\u00bb0px 29px 0 17px\u00bb][vc_separator type=\u00bbtransparent\u00bb up=\u00bb-15&#8243;][vc_column_text]Formaci\u00f3n 2013 &#8211; Programa de Alta Direcci\u00f3n (PADE) Instituto Bravo Murillo, Las Palmas de Gran Canaria 1998: Diploma de Espa\u00f1ol para Extranajeros (DELE), Instituto de Cervantes, Las Palmas...<\/p>\n\t\t\t\t\t\t<\/div>\n\t\t\t\t\t<\/div>\n\t\t\t\t<\/div>\n\t\t\t\t\t\t<div class=\"qode-instructor-social-holder-between\">\n\t\t\t\t<div class=\"qode-instructor-social\">\n\t\t\t\t\t<div class=\"qode-instructor-social-inner\">\n\t\t\t\t\t\t<div class=\"qode-instructor-social-wrapp\">\n\t\t\t\t\t\t\t\t\t\t\t\t\t<\/div>\n\t\t\t\t\t<\/div>\n\t\t\t\t<\/div>\n\t\t\t<\/div>\n\t\t<\/div>\n\t<\/div>\n<\/div>\t<\/div>\n<\/div>[\/vc_column][\/vc_row][vc_row css_animation=\u00bb\u00bb row_type=\u00bbrow\u00bb use_row_as_full_screen_section=\u00bbno\u00bb type=\u00bbgrid\u00bb angled_section=\u00bbno\u00bb text_align=\u00bbcenter\u00bb background_image_as_pattern=\u00bbwithout_pattern\u00bb padding_top=\u00bb140&#8243; padding_bottom=\u00bb179&#8243; z_index=\u00bb\u00bb css=\u00bb.vc_custom_1524832165144{background-image: url(http:\/\/bridge231.qodeinteractive.com\/wp-content\/uploads\/2018\/04\/home-background-5.jpg?id=174) !important;background-position: center !important;background-repeat: no-repeat !important;background-size: cover !important;}\u00bb][vc_column][vc_column_text]<\/p>\n<h2>\u00daltimas noticias en ELE USAL Gran Canaria<\/h2>\n<p>[\/vc_column_text][qode_elements_holder number_of_columns=\u00bbone_column\u00bb][qode_elements_holder_item advanced_animations=\u00bbno\u00bb item_padding=\u00bb18px 18% 0 18%\u00bb][\/qode_elements_holder_item][\/qode_elements_holder][vc_empty_space height=\u00bb59px\u00bb][vc_row_inner row_type=\u00bbrow\u00bb type=\u00bbfull_width\u00bb text_align=\u00bbleft\u00bb css_animation=\u00bb\u00bb][vc_column_inner]\n<div class='latest_post_holder boxes three_columns one_row' >\n    <ul>\n    \n        <li class=\"clearfix\">\n            <div class=\"boxes_image\">\n                <a itemprop=\"url\" href=\"https:\/\/grancanaria.eleusal.com\/es\/el-friki-bar-de-las-palmas\/\"><img loading=\"lazy\" decoding=\"async\" width=\"300\" height=\"225\" src=\"https:\/\/grancanaria.eleusal.com\/wp-content\/uploads\/sites\/13\/2019\/05\/friki-bar.jpg\" class=\"attachment-latest_post_boxes size-latest_post_boxes wp-post-image\" alt=\"\" \/><\/a>\n            <\/div>\n            <div class=\"latest_post\"  >\n                <div class=\"latest_post_text\">\n                    <div class=\"latest_post_inner\">\n                        <div class=\"latest_post_text_inner\">\n                            <h3 itemprop=\"name\" class=\"latest_post_title entry_title\"><a itemprop=\"url\" href=\"https:\/\/grancanaria.eleusal.com\/es\/el-friki-bar-de-las-palmas\/\">EL FRIKI BAR DE LAS PALMAS<\/a><\/h3>\n                            <p class=\"excerpt\">Las Palmas de G. C. ya tiene su primer bar freak. Muchos a\u00f1os ha que baraj\u00e1bamos la idea de que se deb\u00eda montar un bar en Las Palmas con una...<\/p>\n                            <span class=\"post_infos\">\n                                                                    <span class=\"date_hour_holder\">\n                                        <span itemprop=\"dateCreated\" class=\"date entry_date updated\">07 mayo, 2019 <meta itemprop=\"interactionCount\" content=\"UserComments: 0\"\/><\/span>\n                                    <\/span>\n                                                                                                                                                                            <span class=\"dots\"><i class=\"fa fa-square\"><\/i><\/span>\n                                                                        <a itemprop=\"url\" class=\"post_comments\" href=\"https:\/\/grancanaria.eleusal.com\/es\/el-friki-bar-de-las-palmas\/#respond\">No comment<\/a>\n                                \n                                \n                                                            <\/span>\n                        <\/div>\n                    <\/div>\n                <\/div>\n            <\/div>\n        <\/li>\n    \n        <li class=\"clearfix\">\n            <div class=\"boxes_image\">\n                <a itemprop=\"url\" href=\"https:\/\/grancanaria.eleusal.com\/es\/profesor-de-espanol-una-profesion-en-auge\/\"><img loading=\"lazy\" decoding=\"async\" width=\"539\" height=\"303\" src=\"https:\/\/grancanaria.eleusal.com\/wp-content\/uploads\/sites\/13\/2019\/10\/IMG_8013-539x303.jpg\" class=\"attachment-latest_post_boxes size-latest_post_boxes wp-post-image\" alt=\"\" \/><\/a>\n            <\/div>\n            <div class=\"latest_post\"  >\n                <div class=\"latest_post_text\">\n                    <div class=\"latest_post_inner\">\n                        <div class=\"latest_post_text_inner\">\n                            <h3 itemprop=\"name\" class=\"latest_post_title entry_title\"><a itemprop=\"url\" href=\"https:\/\/grancanaria.eleusal.com\/es\/profesor-de-espanol-una-profesion-en-auge\/\">PROFESOR ELE: UNA PROFESI\u00d3N EN AUGE<\/a><\/h3>\n                            <p class=\"excerpt\">El espa\u00f1ol, despu\u00e9s del chino, es la segunda lengua m\u00e1s hablada en todo el planeta con 577 millones de hablantes, seg\u00fan datos recientes del ...<\/p>\n                            <span class=\"post_infos\">\n                                                                    <span class=\"date_hour_holder\">\n                                        <span itemprop=\"dateCreated\" class=\"date entry_date updated\">31 marzo, 2019 <meta itemprop=\"interactionCount\" content=\"UserComments: 0\"\/><\/span>\n                                    <\/span>\n                                                                                                                                                                            <span class=\"dots\"><i class=\"fa fa-square\"><\/i><\/span>\n                                                                        <a itemprop=\"url\" class=\"post_comments\" href=\"https:\/\/grancanaria.eleusal.com\/es\/profesor-de-espanol-una-profesion-en-auge\/#respond\">No comment<\/a>\n                                \n                                \n                                                            <\/span>\n                        <\/div>\n                    <\/div>\n                <\/div>\n            <\/div>\n        <\/li>\n    \n        <li class=\"clearfix\">\n            <div class=\"boxes_image\">\n                <a itemprop=\"url\" href=\"https:\/\/grancanaria.eleusal.com\/es\/los-carnavales-canarios\/\"><img loading=\"lazy\" decoding=\"async\" width=\"300\" height=\"225\" src=\"https:\/\/grancanaria.eleusal.com\/wp-content\/uploads\/sites\/13\/2019\/02\/los-carnavales.jpg\" class=\"attachment-latest_post_boxes size-latest_post_boxes wp-post-image\" alt=\"\" \/><\/a>\n            <\/div>\n            <div class=\"latest_post\"  >\n                <div class=\"latest_post_text\">\n                    <div class=\"latest_post_inner\">\n                        <div class=\"latest_post_text_inner\">\n                            <h3 itemprop=\"name\" class=\"latest_post_title entry_title\"><a itemprop=\"url\" href=\"https:\/\/grancanaria.eleusal.com\/es\/los-carnavales-canarios\/\">LOS CARNAVALES CANARIOS<\/a><\/h3>\n                            <p class=\"excerpt\">Las fiestas del Carnaval Canario se remontan al siglo XV, tras la conquista de las islas por parte de los espa\u00f1oles, y comenz\u00f3 gracias a la ...<\/p>\n                            <span class=\"post_infos\">\n                                                                    <span class=\"date_hour_holder\">\n                                        <span itemprop=\"dateCreated\" class=\"date entry_date updated\">28 febrero, 2019 <meta itemprop=\"interactionCount\" content=\"UserComments: 0\"\/><\/span>\n                                    <\/span>\n                                                                                                                                                                            <span class=\"dots\"><i class=\"fa fa-square\"><\/i><\/span>\n                                                                        <a itemprop=\"url\" class=\"post_comments\" href=\"https:\/\/grancanaria.eleusal.com\/es\/los-carnavales-canarios\/#respond\">No comment<\/a>\n                                \n                                \n                                                            <\/span>\n                        <\/div>\n                    <\/div>\n                <\/div>\n            <\/div>\n        <\/li>\n        <\/ul>\n<\/div>[\/vc_column_inner][\/vc_row_inner][\/vc_column][\/vc_row][vc_row css_animation=\u00bb\u00bb row_type=\u00bbrow\u00bb use_row_as_full_screen_section=\u00bbno\u00bb type=\u00bbgrid\u00bb angled_section=\u00bbno\u00bb text_align=\u00bbleft\u00bb background_image_as_pattern=\u00bbwithout_pattern\u00bb padding_top=\u00bb10&#8243; padding_bottom=\u00bb10&#8243; z_index=\u00bb\u00bb css=\u00bb.vc_custom_1559671050277{background-color: #d22020 !important;}\u00bb][vc_column]<div class=\"call_to_action normal\" style=\"\"><div class=\"container_inner\"><div class=\"two_columns_75_25 clearfix\"><div class=\"text_wrapper column1\"><div class=\"call_to_action_text \" style=\"\">\u00a1Para dudas o preguntas, contacta con nosotros!<\/div><\/div><div class=\"button_wrapper column2\"><a itemprop=\"url\" href=\"https:\/\/grancanaria.eleusal.com\/es\/contacta-con-ele-usal-gran-canaria\/\" class=\"qbutton white \" target=\"_self\" style=\"color: #292d33;border-color: #ffffff;background-color: #ffffff;\"data-hover-background-color=#292d33 data-hover-border-color=#292d33 data-hover-color=#ffffff>Contacta con nosotros<\/a><\/div><\/div><\/div><\/div>[\/vc_column][\/vc_row][vc_row css_animation=\u00bb\u00bb row_type=\u00bbrow\u00bb use_row_as_full_screen_section=\u00bbno\u00bb type=\u00bbfull_width\u00bb angled_section=\u00bbno\u00bb text_align=\u00bbleft\u00bb background_image_as_pattern=\u00bbwithout_pattern\u00bb][vc_column][vc_separator type=\u00bbnormal\u00bb][\/vc_column][\/vc_row][vc_row css_animation=\u00bb\u00bb row_type=\u00bbrow\u00bb use_row_as_full_screen_section=\u00bbno\u00bb type=\u00bbfull_width\u00bb angled_section=\u00bbno\u00bb text_align=\u00bbleft\u00bb background_image_as_pattern=\u00bbwithout_pattern\u00bb][vc_column][vc_separator type=\u00bb\u00bb][\/vc_column][\/vc_row][vc_row css_animation=\u00bb\u00bb row_type=\u00bbrow\u00bb use_row_as_full_screen_section=\u00bbno\u00bb type=\u00bbfull_width\u00bb angled_section=\u00bbno\u00bb text_align=\u00bbleft\u00bb background_image_as_pattern=\u00bbwithout_pattern\u00bb][vc_column][vc_empty_space height=\u00bb\u00bb][\/vc_column][\/vc_row][vc_row css_animation=\u00bb\u00bb row_type=\u00bbrow\u00bb use_row_as_full_screen_section=\u00bbno\u00bb type=\u00bbfull_width\u00bb angled_section=\u00bbno\u00bb text_align=\u00bbleft\u00bb background_image_as_pattern=\u00bbwithout_pattern\u00bb][vc_column][vc_empty_space height=\u00bb\u00bb][\/vc_column][\/vc_row][vc_row css_animation=\u00bb\u00bb row_type=\u00bbrow\u00bb use_row_as_full_screen_section=\u00bbno\u00bb type=\u00bbfull_width\u00bb angled_section=\u00bbno\u00bb text_align=\u00bbleft\u00bb background_image_as_pattern=\u00bbwithout_pattern\u00bb][vc_column][vc_empty_space][\/vc_column][\/vc_row]<\/p>\n","protected":false},"excerpt":{"rendered":"<p>[vc_row css_animation=\u00bb\u00bb row_type=\u00bbrow\u00bb use_row_as_full_screen_section=\u00bbno\u00bb type=\u00bbfull_width\u00bb angled_section=\u00bbno\u00bb text_align=\u00bbleft\u00bb background_image_as_pattern=\u00bbwithout_pattern\u00bb z_index=\u00bb5&#8243; css=\u00bb.vc_custom_1559671034940{background-color: #d22020 !important;}\u00bb][vc_column css=\u00bb.vc_custom_1525095376667{margin-bottom: -3% !important;}\u00bb][vc_column_text] ELE USAL Gran Canaria. Universidad de Salamanca [\/vc_column_text][rev_slider_vc alias=\u00bbhome-slider-es\u00bb][qode_elements_holder number_of_columns=\u00bbone_column\u00bb][qode_elements_holder_item advanced_animations=\u00bbno\u00bb item_padding=\u00bb46px 0 0 0&#8243; item_padding_1280_1440=\u00bb29px 0 0 0&#8243; item_padding_1024_1280=\u00bb29px 0 0 0&#8243; item_padding_768_1024=\u00bb20px 0 0 0&#8243; item_padding_600_768=\u00bb13px 0 0&#8230;<\/p>\n","protected":false},"author":3,"featured_media":0,"parent":0,"menu_order":0,"comment_status":"closed","ping_status":"closed","template":"full_width.php","meta":{"footnotes":""},"class_list":["post-714","page","type-page","status-publish","hentry"],"yoast_head":"<!-- This site is optimized with the Yoast SEO plugin v24.2 - https:\/\/yoast.com\/wordpress\/plugins\/seo\/ -->\n<title>Inicio - ELE USAL Gran Canaria<\/title>\n<meta name=\"robots\" content=\"index, follow, max-snippet:-1, max-image-preview:large, max-video-preview:-1\" \/>\n<link rel=\"canonical\" href=\"https:\/\/grancanaria.eleusal.com\/es\/\" \/>\n<meta property=\"og:locale\" content=\"es_ES\" \/>\n<meta property=\"og:type\" content=\"article\" \/>\n<meta property=\"og:title\" content=\"Inicio - ELE USAL Gran Canaria\" \/>\n<meta property=\"og:description\" content=\"[vc_row css_animation=\u00bb\u00bb row_type=\u00bbrow\u00bb use_row_as_full_screen_section=\u00bbno\u00bb type=\u00bbfull_width\u00bb angled_section=\u00bbno\u00bb text_align=\u00bbleft\u00bb background_image_as_pattern=\u00bbwithout_pattern\u00bb z_index=\u00bb5&#8243; css=\u00bb.vc_custom_1559671034940{background-color: #d22020 !important;}\u00bb][vc_column css=\u00bb.vc_custom_1525095376667{margin-bottom: -3% !important;}\u00bb][vc_column_text] ELE USAL Gran Canaria. Universidad de Salamanca [\/vc_column_text][rev_slider_vc alias=\u00bbhome-slider-es\u00bb][qode_elements_holder number_of_columns=\u00bbone_column\u00bb][qode_elements_holder_item advanced_animations=\u00bbno\u00bb item_padding=\u00bb46px 0 0 0&#8243; item_padding_1280_1440=\u00bb29px 0 0 0&#8243; item_padding_1024_1280=\u00bb29px 0 0 0&#8243; item_padding_768_1024=\u00bb20px 0 0 0&#8243; item_padding_600_768=\u00bb13px 0 0...\" \/>\n<meta property=\"og:url\" content=\"https:\/\/grancanaria.eleusal.com\/es\/\" \/>\n<meta property=\"og:site_name\" content=\"ELE USAL Gran Canaria\" \/>\n<meta property=\"article:publisher\" content=\"https:\/\/www.facebook.com\/eleusalgrancanaria\/\" \/>\n<meta property=\"article:modified_time\" content=\"2023-03-02T09:25:11+00:00\" \/>\n<meta name=\"twitter:card\" content=\"summary_large_image\" \/>\n<meta name=\"twitter:site\" content=\"@usal_ele\" \/>\n<meta name=\"twitter:label1\" content=\"Tiempo de lectura\" \/>\n\t<meta name=\"twitter:data1\" content=\"7 minutos\" \/>\n<script type=\"application\/ld+json\" class=\"yoast-schema-graph\">{\"@context\":\"https:\/\/schema.org\",\"@graph\":[{\"@type\":\"WebPage\",\"@id\":\"https:\/\/grancanaria.eleusal.com\/es\/\",\"url\":\"https:\/\/grancanaria.eleusal.com\/es\/\",\"name\":\"Inicio - ELE USAL Gran Canaria\",\"isPartOf\":{\"@id\":\"https:\/\/grancanaria.eleusal.com\/#website\"},\"datePublished\":\"2019-07-18T10:07:01+00:00\",\"dateModified\":\"2023-03-02T09:25:11+00:00\",\"breadcrumb\":{\"@id\":\"https:\/\/grancanaria.eleusal.com\/es\/#breadcrumb\"},\"inLanguage\":\"es\",\"potentialAction\":[{\"@type\":\"ReadAction\",\"target\":[\"https:\/\/grancanaria.eleusal.com\/es\/\"]}]},{\"@type\":\"BreadcrumbList\",\"@id\":\"https:\/\/grancanaria.eleusal.com\/es\/#breadcrumb\",\"itemListElement\":[{\"@type\":\"ListItem\",\"position\":1,\"name\":\"Home\",\"item\":\"https:\/\/grancanaria.eleusal.com\/es\/\"},{\"@type\":\"ListItem\",\"position\":2,\"name\":\"Inicio\"}]},{\"@type\":\"WebSite\",\"@id\":\"https:\/\/grancanaria.eleusal.com\/#website\",\"url\":\"https:\/\/grancanaria.eleusal.com\/\",\"name\":\"ELE USAL Gran Canaria\",\"description\":\"ELE USAL\",\"publisher\":{\"@id\":\"https:\/\/grancanaria.eleusal.com\/#organization\"},\"potentialAction\":[{\"@type\":\"SearchAction\",\"target\":{\"@type\":\"EntryPoint\",\"urlTemplate\":\"https:\/\/grancanaria.eleusal.com\/?s={search_term_string}\"},\"query-input\":{\"@type\":\"PropertyValueSpecification\",\"valueRequired\":true,\"valueName\":\"search_term_string\"}}],\"inLanguage\":\"es\"},{\"@type\":\"Organization\",\"@id\":\"https:\/\/grancanaria.eleusal.com\/#organization\",\"name\":\"ELE USAL Gran Canaria\",\"url\":\"https:\/\/grancanaria.eleusal.com\/\",\"logo\":{\"@type\":\"ImageObject\",\"inLanguage\":\"es\",\"@id\":\"https:\/\/grancanaria.eleusal.com\/#\/schema\/logo\/image\/\",\"url\":\"https:\/\/grancanaria.eleusal.com\/wp-content\/uploads\/sites\/13\/2019\/10\/ELE-USAL-GranCanaria.png\",\"contentUrl\":\"https:\/\/grancanaria.eleusal.com\/wp-content\/uploads\/sites\/13\/2019\/10\/ELE-USAL-GranCanaria.png\",\"width\":909,\"height\":45,\"caption\":\"ELE USAL Gran Canaria\"},\"image\":{\"@id\":\"https:\/\/grancanaria.eleusal.com\/#\/schema\/logo\/image\/\"},\"sameAs\":[\"https:\/\/www.facebook.com\/eleusalgrancanaria\/\",\"https:\/\/x.com\/usal_ele\",\"https:\/\/www.instagram.com\/p\/CDBJYbNiPPu\/\"]}]}<\/script>\n<!-- \/ Yoast SEO plugin. -->","yoast_head_json":{"title":"Inicio - ELE USAL Gran Canaria","robots":{"index":"index","follow":"follow","max-snippet":"max-snippet:-1","max-image-preview":"max-image-preview:large","max-video-preview":"max-video-preview:-1"},"canonical":"https:\/\/grancanaria.eleusal.com\/es\/","og_locale":"es_ES","og_type":"article","og_title":"Inicio - ELE USAL Gran Canaria","og_description":"[vc_row css_animation=\u00bb\u00bb row_type=\u00bbrow\u00bb use_row_as_full_screen_section=\u00bbno\u00bb type=\u00bbfull_width\u00bb angled_section=\u00bbno\u00bb text_align=\u00bbleft\u00bb background_image_as_pattern=\u00bbwithout_pattern\u00bb z_index=\u00bb5&#8243; css=\u00bb.vc_custom_1559671034940{background-color: #d22020 !important;}\u00bb][vc_column css=\u00bb.vc_custom_1525095376667{margin-bottom: -3% !important;}\u00bb][vc_column_text] ELE USAL Gran Canaria. Universidad de Salamanca [\/vc_column_text][rev_slider_vc alias=\u00bbhome-slider-es\u00bb][qode_elements_holder number_of_columns=\u00bbone_column\u00bb][qode_elements_holder_item advanced_animations=\u00bbno\u00bb item_padding=\u00bb46px 0 0 0&#8243; item_padding_1280_1440=\u00bb29px 0 0 0&#8243; item_padding_1024_1280=\u00bb29px 0 0 0&#8243; item_padding_768_1024=\u00bb20px 0 0 0&#8243; item_padding_600_768=\u00bb13px 0 0...","og_url":"https:\/\/grancanaria.eleusal.com\/es\/","og_site_name":"ELE USAL Gran Canaria","article_publisher":"https:\/\/www.facebook.com\/eleusalgrancanaria\/","article_modified_time":"2023-03-02T09:25:11+00:00","twitter_card":"summary_large_image","twitter_site":"@usal_ele","twitter_misc":{"Tiempo de lectura":"7 minutos"},"schema":{"@context":"https:\/\/schema.org","@graph":[{"@type":"WebPage","@id":"https:\/\/grancanaria.eleusal.com\/es\/","url":"https:\/\/grancanaria.eleusal.com\/es\/","name":"Inicio - ELE USAL Gran Canaria","isPartOf":{"@id":"https:\/\/grancanaria.eleusal.com\/#website"},"datePublished":"2019-07-18T10:07:01+00:00","dateModified":"2023-03-02T09:25:11+00:00","breadcrumb":{"@id":"https:\/\/grancanaria.eleusal.com\/es\/#breadcrumb"},"inLanguage":"es","potentialAction":[{"@type":"ReadAction","target":["https:\/\/grancanaria.eleusal.com\/es\/"]}]},{"@type":"BreadcrumbList","@id":"https:\/\/grancanaria.eleusal.com\/es\/#breadcrumb","itemListElement":[{"@type":"ListItem","position":1,"name":"Home","item":"https:\/\/grancanaria.eleusal.com\/es\/"},{"@type":"ListItem","position":2,"name":"Inicio"}]},{"@type":"WebSite","@id":"https:\/\/grancanaria.eleusal.com\/#website","url":"https:\/\/grancanaria.eleusal.com\/","name":"ELE USAL Gran Canaria","description":"ELE USAL","publisher":{"@id":"https:\/\/grancanaria.eleusal.com\/#organization"},"potentialAction":[{"@type":"SearchAction","target":{"@type":"EntryPoint","urlTemplate":"https:\/\/grancanaria.eleusal.com\/?s={search_term_string}"},"query-input":{"@type":"PropertyValueSpecification","valueRequired":true,"valueName":"search_term_string"}}],"inLanguage":"es"},{"@type":"Organization","@id":"https:\/\/grancanaria.eleusal.com\/#organization","name":"ELE USAL Gran Canaria","url":"https:\/\/grancanaria.eleusal.com\/","logo":{"@type":"ImageObject","inLanguage":"es","@id":"https:\/\/grancanaria.eleusal.com\/#\/schema\/logo\/image\/","url":"https:\/\/grancanaria.eleusal.com\/wp-content\/uploads\/sites\/13\/2019\/10\/ELE-USAL-GranCanaria.png","contentUrl":"https:\/\/grancanaria.eleusal.com\/wp-content\/uploads\/sites\/13\/2019\/10\/ELE-USAL-GranCanaria.png","width":909,"height":45,"caption":"ELE USAL Gran Canaria"},"image":{"@id":"https:\/\/grancanaria.eleusal.com\/#\/schema\/logo\/image\/"},"sameAs":["https:\/\/www.facebook.com\/eleusalgrancanaria\/","https:\/\/x.com\/usal_ele","https:\/\/www.instagram.com\/p\/CDBJYbNiPPu\/"]}]}},"_links":{"self":[{"href":"https:\/\/grancanaria.eleusal.com\/es\/wp-json\/wp\/v2\/pages\/714","targetHints":{"allow":["GET"]}}],"collection":[{"href":"https:\/\/grancanaria.eleusal.com\/es\/wp-json\/wp\/v2\/pages"}],"about":[{"href":"https:\/\/grancanaria.eleusal.com\/es\/wp-json\/wp\/v2\/types\/page"}],"author":[{"embeddable":true,"href":"https:\/\/grancanaria.eleusal.com\/es\/wp-json\/wp\/v2\/users\/3"}],"replies":[{"embeddable":true,"href":"https:\/\/grancanaria.eleusal.com\/es\/wp-json\/wp\/v2\/comments?post=714"}],"version-history":[{"count":39,"href":"https:\/\/grancanaria.eleusal.com\/es\/wp-json\/wp\/v2\/pages\/714\/revisions"}],"predecessor-version":[{"id":5694,"href":"https:\/\/grancanaria.eleusal.com\/es\/wp-json\/wp\/v2\/pages\/714\/revisions\/5694"}],"wp:attachment":[{"href":"https:\/\/grancanaria.eleusal.com\/es\/wp-json\/wp\/v2\/media?parent=714"}],"curies":[{"name":"wp","href":"https:\/\/api.w.org\/{rel}","templated":true}]}}